{"id":3127,"date":"2023-01-30T11:16:31","date_gmt":"2023-01-30T11:16:31","guid":{"rendered":"https:\/\/factum-omibu.es\/walkin\/?page_id=3127"},"modified":"2023-02-02T14:23:34","modified_gmt":"2023-02-02T14:23:34","slug":"condicioes-generais-de-transfer","status":"publish","type":"page","link":"https:\/\/walkingranada.com\/pt\/transfers\/condiciones-generales-de-transfer\/","title":{"rendered":"Condi\u00e7\u00f5es gerais de transfer"},"content":{"rendered":"<h1>Condi\u00e7\u00f5es gerais de transfer<\/h1>\r\n<p>Caminhar em Granada nunca ser\u00e1 respons\u00e1vel por voos perdidos ou outras actividades reservadas. \u00c9 da exclusiva responsabilidade do cliente saber a hora de partida do voo ou a hora de in\u00edcio do evento ou actividade reservada e solicitar o servi\u00e7o de recolha com bastante anteced\u00eancia. A dura\u00e7\u00e3o das transfer\u00eancias pode depender da hora do dia e da intensidade do tr\u00e1fego.<\/p>\r\n<ul>\r\n<li>O tempo de viagem entre o centro da cidade e o <strong>Alhambra<\/strong> recomendamos que pe\u00e7a para ser recolhido cerca de 45 minutos antes do in\u00edcio da excurs\u00e3o.<\/li>\r\n<li>O tempo de viagem entre o centro de Granada e o <strong>Aeroporto de Granada<\/strong> \u00e9 entre 30 e 45 minutos. Recomendamos que solicite uma recolha cerca de 2,5 horas antes da partida.<\/li>\r\n<li>O tempo de viagem entre o centro de Granada e o <strong>Aeroporto de M\u00e1laga<\/strong> \u00e9 entre 1,5 e 2 horas. Recomendamos que solicite uma pick-up 3 a 3,5 horas antes da partida.<\/li>\r\n<\/ul>\r\n<p>\u00c9 poss\u00edvel reservar transfer\u00eancias privadas na cidade de Granada com um pr\u00e9-aviso m\u00ednimo de 72 horas.<\/p>\r\n<h2>Informa\u00e7\u00e3o adicional<\/h2>\r\n<p>Se estiver a reservar uma transfer\u00eancia privada e estiver a viajar com crian\u00e7as ou beb\u00e9s, por favor informe-nos no momento da reserva, para que possamos ter assentos para crian\u00e7as\/beb\u00e9s dispon\u00edveis.<\/p>\r\n<p>Os nossos ve\u00edculos n\u00e3o est\u00e3o adaptados. No caso de pessoas com mobilidade limitada que necessitem de assist\u00eancia profissional, ve\u00edculos adaptados e\/ou transportadores de bagagem adicional (por exemplo, cadeiras de rodas), envie-nos por favor um e-mail para <a href=\"mailto:info@walkingranada.com\">info@walkingranada.com<\/a> para informa\u00e7\u00f5es sobre disponibilidade e suplementos.<\/p>\r\n<h2>Pol\u00edtica de bagagem<\/h2>\r\n<p>Walk in Granada no se har\u00e1 cargo de posible p\u00e9rdida de equipajes, siendo cada cliente responsable de sus objetos personales durante los servicios de transfer.<\/p>\r\n<p>Cada pasajero puede llevar un equipaje de tama\u00f1o normal y una peque\u00f1a bolsa (por ejemplo: mochila, bolsa de ordenador port\u00e1til, bolsa de c\u00e1mara).<\/p>\r\n<p>El equipaje excesivo o demasiado grande puede estar sujeto a restricciones. Por favor, inf\u00f3rmenos en el momento de la reserva para confirmar si su exceso de equipaje es aceptable.<\/p>\r\n<h2>Tempo de espera<\/h2>\r\n<p>Em transfer\u00eancias privadas, o motorista estar\u00e1 \u00e0 sua espera com uma placa com o seu nome. O condutor espera at\u00e9 10-15 minutos ap\u00f3s o tempo acordado indicado no vale de confirma\u00e7\u00e3o. Se tiver um atraso maior, queira contactar antecipadamente o n\u00famero de telefone no vale de confirma\u00e7\u00e3o. Se os clientes n\u00e3o comparecerem no ponto de encontro acordado ou n\u00e3o contactarem o n\u00famero de telefone de contacto do condutor, o servi\u00e7o ser\u00e1 considerado um SEM PROJECTO e, nesse caso, n\u00e3o ser\u00e1 dado qualquer reembolso.<\/p>\r\n<h2>Pol\u00edtica de cancelamento<\/h2>\r\n<p>Los precios de nuestros productos est\u00e1n sujetos a cambio sin aviso.<\/p>\r\n<p>Reserv\u00e1mo-nos o direito de modificar ou descontinuar o Servi\u00e7o (ou qualquer parte do conte\u00fado) em qualquer altura sem aviso pr\u00e9vio.<\/p>\r\n<p>No seremos responsables ante usted o alguna tercera parte por cualquier modificaci\u00f3n, cambio de precio, suspensi\u00f3n o discontinuidad del Servicio.<\/p>\r\n<p><img decoding=\"async\" loading=\"lazy\" src=\"https:\/\/walkingranada.com\/wp-content\/uploads\/2022\/10\/Rectangle-48.png\" alt=\"\" \/><\/p>\r\n<p>Bilhetes de \u00f4nibus<\/p>\r\n<p><img decoding=\"async\" loading=\"lazy\" src=\"https:\/\/walkingranada.com\/wp-content\/uploads\/2022\/10\/Rectangle-38-2.png\" alt=\"\" \/><\/p>\r\n<p>Transfer <br \/>privada de luxo<\/p>\r\n<p><img decoding=\"async\" loading=\"lazy\" src=\"https:\/\/walkingranada.com\/wp-content\/uploads\/2022\/10\/Rectangle-36-2.png\" alt=\"\" \/><\/p>\r\n<p>Transfer para grupos<\/p>\r\n<h3>Tambi\u00e9n puedes reservar nuestros otros servicios&#8230;<\/h3>\r\n<p><img decoding=\"async\" loading=\"lazy\" src=\"https:\/\/walkingranada.com\/wp-content\/uploads\/2022\/10\/Rectangle-42.png\" alt=\"\" \/><\/p>\r\n<h3>Flamenco<\/h3>\r\n<p><img decoding=\"async\" loading=\"lazy\" src=\"https:\/\/walkingranada.com\/wp-content\/uploads\/2022\/10\/Rectangle-43.png\" alt=\"\" \/><\/p>\r\n<h3>Hammam <br \/>Al-\u00e1ndalus<\/h3>\r\n<p><img decoding=\"async\" loading=\"lazy\" src=\"https:\/\/walkingranada.com\/wp-content\/uploads\/2022\/10\/Rectangle-45.png\" alt=\"\" \/><\/p>\r\n<h3>excurs\u00f5es <br \/>de un dia<\/h3>\r\n<p><img decoding=\"async\" loading=\"lazy\" src=\"https:\/\/walkingranada.com\/wp-content\/uploads\/2022\/10\/Rectangle-38.png\" alt=\"\" \/><\/p>\r\n<h3>Rota olfativa<\/h3>","protected":false},"excerpt":{"rendered":"<p>Condiciones generales de transfer Walk In Granada nunca se har\u00e1 cargo de p\u00e9rdida de vuelos u otras actividades reservadas. El cliente ser\u00e1 el \u00fanico responsable de conocer la hora de salida del vuelo o el inicio del evento o actividad reservada y solicitar el servicio de recogida con el tiempo de antelaci\u00f3n suficiente. La duraci\u00f3n &#8230; <a title=\"Condi\u00e7\u00f5es gerais de transfer\" class=\"read-more\" href=\"https:\/\/walkingranada.com\/pt\/transfers\/condiciones-generales-de-transfer\/\" aria-label=\"Leia mais sobre Condiciones generales de transfer\">Ler mais<\/a><\/p>","protected":false},"author":2,"featured_media":0,"parent":185,"menu_order":0,"comment_status":"closed","ping_status":"closed","template":"","meta":{"footnotes":""},"class_list":["post-3127","page","type-page","status-publish"],"yoast_head":"<!-- This site is optimized with the Yoast SEO plugin v27.5 - https:\/\/yoast.com\/product\/yoast-seo-wordpress\/ -->\n<title>Condiciones Generales Transfers<\/title>\n<meta name=\"description\" content=\"Es posible reservar traslados privados en Granada ciudad con un m\u00ednimo de 72 horas de antelaci\u00f3n. Consulta las condiciones.\" \/>\n<meta name=\"robots\" content=\"index, follow, max-snippet:-1, max-image-preview:large, max-video-preview:-1\" \/>\n<link rel=\"canonical\" href=\"https:\/\/walkingranada.com\/pt\/transfers\/condicioes-generais-de-transfer\/\" \/>\n<meta property=\"og:locale\" content=\"pt_PT\" \/>\n<meta property=\"og:type\" content=\"article\" \/>\n<meta property=\"og:title\" content=\"Condiciones Generales Transfers\" \/>\n<meta property=\"og:description\" content=\"Es posible reservar traslados privados en Granada ciudad con un m\u00ednimo de 72 horas de antelaci\u00f3n. Consulta las condiciones.\" \/>\n<meta property=\"og:url\" content=\"https:\/\/walkingranada.com\/pt\/transfers\/condicioes-generais-de-transfer\/\" \/>\n<meta property=\"og:site_name\" content=\"Walk in Granada\" \/>\n<meta property=\"article:publisher\" content=\"https:\/\/es-es.facebook.com\/walkingranadatour\/\" \/>\n<meta property=\"article:modified_time\" content=\"2023-02-02T14:23:34+00:00\" \/>\n<meta property=\"og:image\" content=\"https:\/\/walkingranada.com\/wp-content\/uploads\/2022\/10\/Rectangle-48.png\" \/>\n<meta name=\"twitter:card\" content=\"summary_large_image\" \/>\n<meta name=\"twitter:site\" content=\"@walkingranada\" \/>\n<meta name=\"twitter:label1\" content=\"Tempo estimado de leitura\" \/>\n\t<meta name=\"twitter:data1\" content=\"4 minutos\" \/>\n<script type=\"application\/ld+json\" class=\"yoast-schema-graph\">{\"@context\":\"https:\\\/\\\/schema.org\",\"@graph\":[{\"@type\":\"WebPage\",\"@id\":\"https:\\\/\\\/walkingranada.com\\\/transfers\\\/condiciones-generales-de-transfer\\\/\",\"url\":\"https:\\\/\\\/walkingranada.com\\\/transfers\\\/condiciones-generales-de-transfer\\\/\",\"name\":\"Condiciones Generales Transfers\",\"isPartOf\":{\"@id\":\"https:\\\/\\\/walkingranada.com\\\/#website\"},\"primaryImageOfPage\":{\"@id\":\"https:\\\/\\\/walkingranada.com\\\/transfers\\\/condiciones-generales-de-transfer\\\/#primaryimage\"},\"image\":{\"@id\":\"https:\\\/\\\/walkingranada.com\\\/transfers\\\/condiciones-generales-de-transfer\\\/#primaryimage\"},\"thumbnailUrl\":\"https:\\\/\\\/walkingranada.com\\\/wp-content\\\/uploads\\\/2022\\\/10\\\/Rectangle-48.png\",\"datePublished\":\"2023-01-30T11:16:31+00:00\",\"dateModified\":\"2023-02-02T14:23:34+00:00\",\"description\":\"Es posible reservar traslados privados en Granada ciudad con un m\u00ednimo de 72 horas de antelaci\u00f3n. Consulta las condiciones.\",\"breadcrumb\":{\"@id\":\"https:\\\/\\\/walkingranada.com\\\/transfers\\\/condiciones-generales-de-transfer\\\/#breadcrumb\"},\"inLanguage\":\"pt-PT\",\"potentialAction\":[{\"@type\":\"ReadAction\",\"target\":[\"https:\\\/\\\/walkingranada.com\\\/transfers\\\/condiciones-generales-de-transfer\\\/\"]}]},{\"@type\":\"ImageObject\",\"inLanguage\":\"pt-PT\",\"@id\":\"https:\\\/\\\/walkingranada.com\\\/transfers\\\/condiciones-generales-de-transfer\\\/#primaryimage\",\"url\":\"https:\\\/\\\/walkingranada.com\\\/wp-content\\\/uploads\\\/2022\\\/10\\\/Rectangle-48.png\",\"contentUrl\":\"https:\\\/\\\/walkingranada.com\\\/wp-content\\\/uploads\\\/2022\\\/10\\\/Rectangle-48.png\"},{\"@type\":\"BreadcrumbList\",\"@id\":\"https:\\\/\\\/walkingranada.com\\\/transfers\\\/condiciones-generales-de-transfer\\\/#breadcrumb\",\"itemListElement\":[{\"@type\":\"ListItem\",\"position\":1,\"name\":\"Portada\",\"item\":\"https:\\\/\\\/walkingranada.com\\\/\"},{\"@type\":\"ListItem\",\"position\":2,\"name\":\"Transfers\",\"item\":\"https:\\\/\\\/walkingranada.com\\\/transfers\\\/\"},{\"@type\":\"ListItem\",\"position\":3,\"name\":\"Condiciones generales de transfer\"}]},{\"@type\":\"WebSite\",\"@id\":\"https:\\\/\\\/walkingranada.com\\\/#website\",\"url\":\"https:\\\/\\\/walkingranada.com\\\/\",\"name\":\"Walk in Granada\",\"description\":\"Turismo responsable\",\"publisher\":{\"@id\":\"https:\\\/\\\/walkingranada.com\\\/#organization\"},\"alternateName\":\"Walk in Granada\",\"potentialAction\":[{\"@type\":\"SearchAction\",\"target\":{\"@type\":\"EntryPoint\",\"urlTemplate\":\"https:\\\/\\\/walkingranada.com\\\/?s={search_term_string}\"},\"query-input\":{\"@type\":\"PropertyValueSpecification\",\"valueRequired\":true,\"valueName\":\"search_term_string\"}}],\"inLanguage\":\"pt-PT\"},{\"@type\":\"Organization\",\"@id\":\"https:\\\/\\\/walkingranada.com\\\/#organization\",\"name\":\"Walk In Granada\",\"alternateName\":\"Walk In Granada\",\"url\":\"https:\\\/\\\/walkingranada.com\\\/\",\"logo\":{\"@type\":\"ImageObject\",\"inLanguage\":\"pt-PT\",\"@id\":\"https:\\\/\\\/walkingranada.com\\\/#\\\/schema\\\/logo\\\/image\\\/\",\"url\":\"https:\\\/\\\/walkingranada.com\\\/wp-content\\\/uploads\\\/2022\\\/12\\\/Logo-Walking.webp\",\"contentUrl\":\"https:\\\/\\\/walkingranada.com\\\/wp-content\\\/uploads\\\/2022\\\/12\\\/Logo-Walking.webp\",\"width\":512,\"height\":512,\"caption\":\"Walk In Granada\"},\"image\":{\"@id\":\"https:\\\/\\\/walkingranada.com\\\/#\\\/schema\\\/logo\\\/image\\\/\"},\"sameAs\":[\"https:\\\/\\\/es-es.facebook.com\\\/walkingranadatour\\\/\",\"https:\\\/\\\/x.com\\\/walkingranada\",\"https:\\\/\\\/www.instagram.com\\\/walkingranada\\\/\"]}]}<\/script>\n<!-- \/ Yoast SEO plugin. -->","yoast_head_json":{"title":"Condi\u00e7\u00f5es Gerais de Transfers","description":"\u00c9 poss\u00edvel reservar traslados privados na cidade de Granada com um m\u00ednimo de 72 horas de anteced\u00eancia. Consulte as condi\u00e7\u00f5es.","robots":{"index":"index","follow":"follow","max-snippet":"max-snippet:-1","max-image-preview":"max-image-preview:large","max-video-preview":"max-video-preview:-1"},"canonical":"https:\/\/walkingranada.com\/pt\/transfers\/condicioes-generais-de-transfer\/","og_locale":"pt_PT","og_type":"article","og_title":"Condiciones Generales Transfers","og_description":"Es posible reservar traslados privados en Granada ciudad con un m\u00ednimo de 72 horas de antelaci\u00f3n. Consulta las condiciones.","og_url":"https:\/\/walkingranada.com\/pt\/transfers\/condicioes-generais-de-transfer\/","og_site_name":"Walk in Granada","article_publisher":"https:\/\/es-es.facebook.com\/walkingranadatour\/","article_modified_time":"2023-02-02T14:23:34+00:00","og_image":[{"url":"https:\/\/walkingranada.com\/wp-content\/uploads\/2022\/10\/Rectangle-48.png","type":"","width":"","height":""}],"twitter_card":"summary_large_image","twitter_site":"@walkingranada","twitter_misc":{"Tempo estimado de leitura":"4 minutos"},"schema":{"@context":"https:\/\/schema.org","@graph":[{"@type":"WebPage","@id":"https:\/\/walkingranada.com\/transfers\/condiciones-generales-de-transfer\/","url":"https:\/\/walkingranada.com\/transfers\/condiciones-generales-de-transfer\/","name":"Condi\u00e7\u00f5es Gerais de Transfers","isPartOf":{"@id":"https:\/\/walkingranada.com\/#website"},"primaryImageOfPage":{"@id":"https:\/\/walkingranada.com\/transfers\/condiciones-generales-de-transfer\/#primaryimage"},"image":{"@id":"https:\/\/walkingranada.com\/transfers\/condiciones-generales-de-transfer\/#primaryimage"},"thumbnailUrl":"https:\/\/walkingranada.com\/wp-content\/uploads\/2022\/10\/Rectangle-48.png","datePublished":"2023-01-30T11:16:31+00:00","dateModified":"2023-02-02T14:23:34+00:00","description":"\u00c9 poss\u00edvel reservar traslados privados na cidade de Granada com um m\u00ednimo de 72 horas de anteced\u00eancia. Consulte as condi\u00e7\u00f5es.","breadcrumb":{"@id":"https:\/\/walkingranada.com\/transfers\/condiciones-generales-de-transfer\/#breadcrumb"},"inLanguage":"pt-PT","potentialAction":[{"@type":"ReadAction","target":["https:\/\/walkingranada.com\/transfers\/condiciones-generales-de-transfer\/"]}]},{"@type":"ImageObject","inLanguage":"pt-PT","@id":"https:\/\/walkingranada.com\/transfers\/condiciones-generales-de-transfer\/#primaryimage","url":"https:\/\/walkingranada.com\/wp-content\/uploads\/2022\/10\/Rectangle-48.png","contentUrl":"https:\/\/walkingranada.com\/wp-content\/uploads\/2022\/10\/Rectangle-48.png"},{"@type":"BreadcrumbList","@id":"https:\/\/walkingranada.com\/transfers\/condiciones-generales-de-transfer\/#breadcrumb","itemListElement":[{"@type":"ListItem","position":1,"name":"Portada","item":"https:\/\/walkingranada.com\/"},{"@type":"ListItem","position":2,"name":"Transfers","item":"https:\/\/walkingranada.com\/transfers\/"},{"@type":"ListItem","position":3,"name":"Condiciones generales de transfer"}]},{"@type":"WebSite","@id":"https:\/\/walkingranada.com\/#website","url":"https:\/\/walkingranada.com\/","name":"Walk in Granada","description":"Turismo responsable","publisher":{"@id":"https:\/\/walkingranada.com\/#organization"},"alternateName":"Walk in Granada","potentialAction":[{"@type":"SearchAction","target":{"@type":"EntryPoint","urlTemplate":"https:\/\/walkingranada.com\/?s={search_term_string}"},"query-input":{"@type":"PropertyValueSpecification","valueRequired":true,"valueName":"search_term_string"}}],"inLanguage":"pt-PT"},{"@type":"Organization","@id":"https:\/\/walkingranada.com\/#organization","name":"Walk In Granada","alternateName":"Walk In Granada","url":"https:\/\/walkingranada.com\/","logo":{"@type":"ImageObject","inLanguage":"pt-PT","@id":"https:\/\/walkingranada.com\/#\/schema\/logo\/image\/","url":"https:\/\/walkingranada.com\/wp-content\/uploads\/2022\/12\/Logo-Walking.webp","contentUrl":"https:\/\/walkingranada.com\/wp-content\/uploads\/2022\/12\/Logo-Walking.webp","width":512,"height":512,"caption":"Walk In Granada"},"image":{"@id":"https:\/\/walkingranada.com\/#\/schema\/logo\/image\/"},"sameAs":["https:\/\/es-es.facebook.com\/walkingranadatour\/","https:\/\/x.com\/walkingranada","https:\/\/www.instagram.com\/walkingranada\/"]}]}},"_links":{"self":[{"href":"https:\/\/walkingranada.com\/pt\/wp-json\/wp\/v2\/pages\/3127","targetHints":{"allow":["GET"]}}],"collection":[{"href":"https:\/\/walkingranada.com\/pt\/wp-json\/wp\/v2\/pages"}],"about":[{"href":"https:\/\/walkingranada.com\/pt\/wp-json\/wp\/v2\/types\/page"}],"author":[{"embeddable":true,"href":"https:\/\/walkingranada.com\/pt\/wp-json\/wp\/v2\/users\/2"}],"replies":[{"embeddable":true,"href":"https:\/\/walkingranada.com\/pt\/wp-json\/wp\/v2\/comments?post=3127"}],"version-history":[{"count":0,"href":"https:\/\/walkingranada.com\/pt\/wp-json\/wp\/v2\/pages\/3127\/revisions"}],"up":[{"embeddable":true,"href":"https:\/\/walkingranada.com\/pt\/wp-json\/wp\/v2\/pages\/185"}],"wp:attachment":[{"href":"https:\/\/walkingranada.com\/pt\/wp-json\/wp\/v2\/media?parent=3127"}],"curies":[{"name":"wp","href":"https:\/\/api.w.org\/{rel}","templated":true}]}}