{"id":1236,"date":"2022-12-20T14:56:15","date_gmt":"2022-12-20T14:56:15","guid":{"rendered":"https:\/\/factum-omibu.es\/walkin\/?page_id=1236"},"modified":"2023-04-24T09:42:11","modified_gmt":"2023-04-24T09:42:11","slug":"politica-de-privacidade","status":"publish","type":"page","link":"https:\/\/walkingranada.com\/pt\/politica-de-privacidad\/","title":{"rendered":"Pol\u00edtica de privacidade"},"content":{"rendered":"<h1>Pol\u00edtica de privacidade<\/h1>\r\n<p>Su presentaci\u00f3n de informaci\u00f3n personal a trav\u00e9s del Sitio Web se rige por nuestra Pol\u00edtica de Privacidad. La privacidad de los visitantes de nuestro sitio web es muy importante para nosotros, y nos comprometemos a protegerla para as\u00ed cumplir al m\u00e1ximo con la legislaci\u00f3n vigente de protecci\u00f3n de datos personales. Esta pol\u00edtica explica qu\u00e9 hacemos con su informaci\u00f3n personal.<\/p>\r\n<p>WALK IN GRANADA S.L. utiliza la informaci\u00f3n que nos facilita con el fin de prestarle el servicio solicitado, y realizar la facturaci\u00f3n del mismo. Los datos proporcionados se conservar\u00e1n mientras se mantenga la relaci\u00f3n comercial o durante los a\u00f1os necesarios para cumplir con las obligaciones legales. Los datos no se ceder\u00e1n a terceros salvo en los casos en que exista una obligaci\u00f3n legal, o por su autorizaci\u00f3n previa. Usted tiene derecho a acceder a sus datos personales, rectificar los datos inexactos o solicitar su supresi\u00f3n cuando los datos ya no sean necesarios. Para cualquier duda al respecto, deber\u00e1 identificarse de forma fehaciente y dirigirse por escrito a: WALK IN GRANADA SL, Calle Gran V\u00eda de Col\u00f3n 42, Entresuelo, Oficina 3, 18010, Granada, al tel\u00e9fono 630 07 08 93, o a trav\u00e9s de la direcci\u00f3n de E-mail: <a href=\"mailto:info@walkingranada.com\">info@walkingranada.com<\/a>.<\/p>\r\n<h2>Como recolhemos os seus dados pessoais?<\/h2>\r\n<p>Os seguintes tipos de informa\u00e7\u00e3o pessoal podem ser recolhidos, armazenados e utilizados:<\/p>\r\n<ul>\r\n<li>Informa\u00e7\u00e3o sobre o seu computador, incluindo o seu endere\u00e7o IP, localiza\u00e7\u00e3o geogr\u00e1fica, tipo e vers\u00e3o do navegador, e sistema operativo.<\/li>\r\n<li>Informaci\u00f3n introducida en formularios de reserva, en formularios del apartado \u00abTours Privados\u00bb, contacto mediante correo electr\u00f3nico y contacto mediante redes sociales.<\/li>\r\n<li>Informa\u00e7\u00e3o sobre as suas visitas e utiliza\u00e7\u00e3o deste website, incluindo fonte de refer\u00eancia, dura\u00e7\u00e3o da visita, visualiza\u00e7\u00f5es de p\u00e1ginas e caminhos de navega\u00e7\u00e3o do website.<\/li>\r\n<li>Informa\u00e7\u00e3o que entra para criar uma subscri\u00e7\u00e3o dos nossos correios eletr\u00f3nicos e\/ou boletins de not\u00edcias.<\/li>\r\n<li>Informa\u00e7\u00e3o, gerada pela sua utiliza\u00e7\u00e3o do nosso s\u00edtio web, incluindo quando, com que frequ\u00eancia e sob que circunst\u00e2ncias a utiliza.<\/li>\r\n<li>Informa\u00e7\u00f5es relacionadas com tudo o que compra, servi\u00e7os que utiliza ou transa\u00e7\u00f5es que realiza atrav\u00e9s do nosso s\u00edtio web, incluindo o seu nome, morada, n\u00famero de telefone, endere\u00e7o de correio eletr\u00f3nico e detalhes de cart\u00e3o de cr\u00e9dito.<\/li>\r\n<li>Qualquer outra informa\u00e7\u00e3o pessoal que nos envie.<\/li>\r\n<\/ul>\r\n<h2>Utiliza\u00e7\u00e3o da sua informa\u00e7\u00e3o pessoal<\/h2>\r\n<p>Uso das suas informa\u00e7\u00f5es pessoais Podemos utilizar as suas informa\u00e7\u00f5es pessoais para os seguintes fins:<\/p>\r\n<ul>\r\n<li>Gerir o nosso s\u00edtio web e a nossa empresa.<\/li>\r\n<li>Personalizar o nosso s\u00edtio web para si.<\/li>\r\n<li>Para permitir a utiliza\u00e7\u00e3o dos servi\u00e7os dispon\u00edveis no nosso s\u00edtio web.<\/li>\r\n<li>Prestar servi\u00e7os adquiridos atrav\u00e9s do nosso s\u00edtio web.<\/li>\r\n<li>Enviar-lhe extratos, faturas, lembretes de pagamento e cobran\u00e7as.<\/li>\r\n<li>Enviar-lhe notifica\u00e7\u00f5es por correio eletr\u00f3nico que tenha especificamente solicitado.<\/li>\r\n<li>Enviar-lhe a nosso boletim de not\u00edcias por correio eletr\u00f3nico se se tiver inscrito (pode cancelar a sua inscri\u00e7\u00e3o a qualquer momento).<\/li>\r\n<li>Enviar-lhe comunica\u00e7\u00f5es de marketing relacionadas com os nossos neg\u00f3cios ou com os neg\u00f3cios de terceiros que acreditamos possam ser do seu interesse.<\/li>\r\n<li>Para realizar relat\u00f3rios estat\u00edsticos sobre os nossos utilizadores.<\/li>\r\n<li>Lidar com quest\u00f5es e reclama\u00e7\u00f5es feitas por ou sobre si em rela\u00e7\u00e3o ao nosso s\u00edtio web.<\/li>\r\n<li>Manter o nosso s\u00edtio web seguro e prevenir a fraude.<\/li>\r\n<li>Verificar a conformidade com os termos e condi\u00e7\u00f5es que regem a utiliza\u00e7\u00e3o do nosso s\u00edtio web.<\/li>\r\n<li>Outros usos. Sem o seu consentimento expresso, n\u00e3o forneceremos as suas informa\u00e7\u00f5es pessoais a terceiros para a sua comercializa\u00e7\u00e3o direta.<\/li>\r\n<\/ul>\r\n<h2>Liga\u00e7\u00f5es de Terceiros<\/h2>\r\n<p>Certos conte\u00fados, produtos e servi\u00e7os dispon\u00edveis podem incluir material de terceiros.<\/p>\r\n<p>Os links de terceiros neste s\u00edtio web podem direccion\u00e1-lo para s\u00edtios web de terceiros que n\u00e3o estejam afiliados a n\u00f3s. N\u00e3o somos respons\u00e1veis pelo exame ou avalia\u00e7\u00e3o do conte\u00fado ou exatid\u00e3o e n\u00e3o garantimos e n\u00e3o teremos nenhuma responsabilidade ou obriga\u00e7\u00e3o por quaisquer materiais ou s\u00edtios web de terceiros, ou por quaisquer materiais, produtos ou servi\u00e7os de terceiros.<\/p>\r\n<p>N\u00e3o somos respons\u00e1veis por quaisquer danos ou preju\u00edzos relacionados com a compra, ou utiliza\u00e7\u00e3o de bens, servi\u00e7os, recursos, conte\u00fados, ou quaisquer outras transa\u00e7\u00f5es efetuadas em liga\u00e7\u00e3o com s\u00edtios web de terceiros. Por favor, reveja cuidadosamente as pol\u00edticas e pr\u00e1ticas de terceiros e certifique-se de que as compreende antes de se envolver em qualquer transa\u00e7\u00e3o. Reclama\u00e7\u00f5es, reclama\u00e7\u00f5es, preocupa\u00e7\u00f5es ou quest\u00f5es relativas a produtos de terceiros devem ser dirigidas a terceiros.<\/p>\r\n<h2>Pol\u00edtica de cookies<\/h2>\r\n<p>El consentimiento a nuestro uso de cookies de acuerdo con los t\u00e9rminos de esta pol\u00edtica cuando visite por primera vez nuestro sitio web nos permite utilizar cookies cada vez que visita nuestro sitio web.<\/p>\r\n<p>Una cookie es un peque\u00f1o archivo de texto que se almacena en su navegador cuando visita casi cualquier sitio web. Su funci\u00f3n es que el sitio web pueda recordar su visita cuando regrese a navegar en esta p\u00e1gina. Las cookies a menudo almacenan informaci\u00f3n t\u00e9cnica, preferencias personales, personalizaci\u00f3n de contenido, estad\u00edsticas de uso, enlaces a redes sociales, acceso a cuentas de usuario, etc. El objetivo de una cookie es adaptar el contenido web a su perfil y necesidades. Sin cookies, los servicios ofrecidos por cualquier sitio web podr\u00edan verse disminuidos significativamente.<\/p>\r\n<h2>Cookies utilizados neste sitio web<\/h2>\r\n<p>Seguindo as directrizes da Ag\u00eancia Espanhola de Protec\u00e7\u00e3o de Dados, detalhamos a utiliza\u00e7\u00e3o de cookies utilizados por este site.<\/p>\r\n<p>Este s\u00edtio web utiliza os seguintes cookies de primeira m\u00e3o:<\/p>\r\n<ul>\r\n<li>Cookies de sess\u00e3o para assegurar que os utilizadores que deixam coment\u00e1rios no blog s\u00e3o pessoas reais e n\u00e3o aplica\u00e7\u00f5es automatizadas. Esta \u00e9 uma forma de evitar o spam.<\/li>\r\n<\/ul>\r\n<p>Este site utiliza os seguintes cookies de terceiros:<\/p>\r\n<ul>\r\n<li>Google Analytics: armazena cookies para registar estat\u00edsticas sobre o volume de tr\u00e1fego e visitantes deste s\u00edtio web. Ao utilizar este s\u00edtio web, consente o processamento dos seus dados pelo Google. Por conseguinte, o exerc\u00edcio de quaisquer direitos nesta mat\u00e9ria deve ser feito diretamente com o Google.<\/li>\r\n<li>Redes sociales: cada red social usa sus propias cookies para que pueda hacer clic en botones como \u00abcompartir\u00bb o \u00abme gusta\u00bb.<\/li>\r\n<\/ul>\r\n<h2>Desactivar ou eliminar cookies<\/h2>\r\n<p>Pode exercer o seu direito de desativar ou apagar cookies deste s\u00edtio em qualquer altura. Estas a\u00e7\u00f5es s\u00e3o realizadas diferentemente, dependendo do navegador que estiver a utilizar.<\/p>\r\n<p>Para mais informa\u00e7\u00f5es sobre estes direitos clique <a href=\"https:\/\/ec.europa.eu\/info\/law\/law-topic\/data-protection\/reform\/rights-citizens_es\" target=\"_blank\" rel=\"noopener\">aqui<\/a>.<\/p>","protected":false},"excerpt":{"rendered":"<p>Pol\u00edtica de privacidad Su presentaci\u00f3n de informaci\u00f3n personal a trav\u00e9s del Sitio Web se rige por nuestra Pol\u00edtica de Privacidad. La privacidad de los visitantes de nuestro sitio web es muy importante para nosotros, y nos comprometemos a protegerla para as\u00ed cumplir al m\u00e1ximo con la legislaci\u00f3n vigente de protecci\u00f3n de datos personales. Esta pol\u00edtica &#8230; <a title=\"Pol\u00edtica de privacidade\" class=\"read-more\" href=\"https:\/\/walkingranada.com\/pt\/politica-de-privacidad\/\" aria-label=\"Leia mais sobre Pol\u00edtica de privacidad\">Ler mais<\/a><\/p>","protected":false},"author":2,"featured_media":0,"parent":0,"menu_order":0,"comment_status":"closed","ping_status":"closed","template":"","meta":{"footnotes":""},"class_list":["post-1236","page","type-page","status-publish"],"yoast_head":"<!-- This site is optimized with the Yoast SEO plugin v27.4 - https:\/\/yoast.com\/product\/yoast-seo-wordpress\/ -->\n<title>Pol\u00edtica de Privacidad | Walk In Granada<\/title>\n<meta name=\"description\" content=\"En esta p\u00e1gina te desglosamos la pol\u00edtica de privacidad de la web de Walk in Granada Tours. Ponte en contacto si necesitas m\u00e1s informaci\u00f3n.\" \/>\n<meta name=\"robots\" content=\"index, follow, max-snippet:-1, max-image-preview:large, max-video-preview:-1\" \/>\n<link rel=\"canonical\" href=\"https:\/\/walkingranada.com\/pt\/politica-de-privacidade\/\" \/>\n<meta property=\"og:locale\" content=\"pt_PT\" \/>\n<meta property=\"og:type\" content=\"article\" \/>\n<meta property=\"og:title\" content=\"Pol\u00edtica de Privacidad | Walk In Granada\" \/>\n<meta property=\"og:description\" content=\"En esta p\u00e1gina te desglosamos la pol\u00edtica de privacidad de la web de Walk in Granada Tours. Ponte en contacto si necesitas m\u00e1s informaci\u00f3n.\" \/>\n<meta property=\"og:url\" content=\"https:\/\/walkingranada.com\/pt\/politica-de-privacidade\/\" \/>\n<meta property=\"og:site_name\" content=\"Walk in Granada\" \/>\n<meta property=\"article:publisher\" content=\"https:\/\/es-es.facebook.com\/walkingranadatour\/\" \/>\n<meta property=\"article:modified_time\" content=\"2023-04-24T09:42:11+00:00\" \/>\n<meta property=\"og:image\" content=\"https:\/\/walkingranada.com\/wp-content\/uploads\/2018\/10\/Walk-In-Granada.png\" \/>\n\t<meta property=\"og:image:width\" content=\"1000\" \/>\n\t<meta property=\"og:image:height\" content=\"1000\" \/>\n\t<meta property=\"og:image:type\" content=\"image\/png\" \/>\n<meta name=\"twitter:card\" content=\"summary_large_image\" \/>\n<meta name=\"twitter:site\" content=\"@walkingranada\" \/>\n<meta name=\"twitter:label1\" content=\"Tempo estimado de leitura\" \/>\n\t<meta name=\"twitter:data1\" content=\"5 minutos\" \/>\n<script type=\"application\/ld+json\" class=\"yoast-schema-graph\">{\"@context\":\"https:\\\/\\\/schema.org\",\"@graph\":[{\"@type\":\"WebPage\",\"@id\":\"https:\\\/\\\/walkingranada.com\\\/politica-de-privacidad\\\/\",\"url\":\"https:\\\/\\\/walkingranada.com\\\/politica-de-privacidad\\\/\",\"name\":\"Pol\u00edtica de Privacidad | Walk In Granada\",\"isPartOf\":{\"@id\":\"https:\\\/\\\/walkingranada.com\\\/#website\"},\"datePublished\":\"2022-12-20T14:56:15+00:00\",\"dateModified\":\"2023-04-24T09:42:11+00:00\",\"description\":\"En esta p\u00e1gina te desglosamos la pol\u00edtica de privacidad de la web de Walk in Granada Tours. Ponte en contacto si necesitas m\u00e1s informaci\u00f3n.\",\"breadcrumb\":{\"@id\":\"https:\\\/\\\/walkingranada.com\\\/politica-de-privacidad\\\/#breadcrumb\"},\"inLanguage\":\"pt-PT\",\"potentialAction\":[{\"@type\":\"ReadAction\",\"target\":[\"https:\\\/\\\/walkingranada.com\\\/politica-de-privacidad\\\/\"]}]},{\"@type\":\"BreadcrumbList\",\"@id\":\"https:\\\/\\\/walkingranada.com\\\/politica-de-privacidad\\\/#breadcrumb\",\"itemListElement\":[{\"@type\":\"ListItem\",\"position\":1,\"name\":\"Portada\",\"item\":\"https:\\\/\\\/walkingranada.com\\\/\"},{\"@type\":\"ListItem\",\"position\":2,\"name\":\"Pol\u00edtica de privacidad\"}]},{\"@type\":\"WebSite\",\"@id\":\"https:\\\/\\\/walkingranada.com\\\/#website\",\"url\":\"https:\\\/\\\/walkingranada.com\\\/\",\"name\":\"Walk in Granada\",\"description\":\"Turismo responsable\",\"publisher\":{\"@id\":\"https:\\\/\\\/walkingranada.com\\\/#organization\"},\"alternateName\":\"Walk in Granada\",\"potentialAction\":[{\"@type\":\"SearchAction\",\"target\":{\"@type\":\"EntryPoint\",\"urlTemplate\":\"https:\\\/\\\/walkingranada.com\\\/?s={search_term_string}\"},\"query-input\":{\"@type\":\"PropertyValueSpecification\",\"valueRequired\":true,\"valueName\":\"search_term_string\"}}],\"inLanguage\":\"pt-PT\"},{\"@type\":\"Organization\",\"@id\":\"https:\\\/\\\/walkingranada.com\\\/#organization\",\"name\":\"Walk In Granada\",\"alternateName\":\"Walk In Granada\",\"url\":\"https:\\\/\\\/walkingranada.com\\\/\",\"logo\":{\"@type\":\"ImageObject\",\"inLanguage\":\"pt-PT\",\"@id\":\"https:\\\/\\\/walkingranada.com\\\/#\\\/schema\\\/logo\\\/image\\\/\",\"url\":\"https:\\\/\\\/walkingranada.com\\\/wp-content\\\/uploads\\\/2022\\\/12\\\/Logo-Walking.webp\",\"contentUrl\":\"https:\\\/\\\/walkingranada.com\\\/wp-content\\\/uploads\\\/2022\\\/12\\\/Logo-Walking.webp\",\"width\":512,\"height\":512,\"caption\":\"Walk In Granada\"},\"image\":{\"@id\":\"https:\\\/\\\/walkingranada.com\\\/#\\\/schema\\\/logo\\\/image\\\/\"},\"sameAs\":[\"https:\\\/\\\/es-es.facebook.com\\\/walkingranadatour\\\/\",\"https:\\\/\\\/x.com\\\/walkingranada\",\"https:\\\/\\\/www.instagram.com\\\/walkingranada\\\/\"]}]}<\/script>\n<!-- \/ Yoast SEO plugin. -->","yoast_head_json":{"title":"Pol\u00edtica de privacidade | Walk In Granada","description":"Nesta p\u00e1gina, apresentamos a pol\u00edtica de privacidade do site da Walk in Granada Tours. Entre em contato conosco se precisar de mais informa\u00e7\u00f5es.","robots":{"index":"index","follow":"follow","max-snippet":"max-snippet:-1","max-image-preview":"max-image-preview:large","max-video-preview":"max-video-preview:-1"},"canonical":"https:\/\/walkingranada.com\/pt\/politica-de-privacidade\/","og_locale":"pt_PT","og_type":"article","og_title":"Pol\u00edtica de Privacidad | Walk In Granada","og_description":"En esta p\u00e1gina te desglosamos la pol\u00edtica de privacidad de la web de Walk in Granada Tours. Ponte en contacto si necesitas m\u00e1s informaci\u00f3n.","og_url":"https:\/\/walkingranada.com\/pt\/politica-de-privacidade\/","og_site_name":"Walk in Granada","article_publisher":"https:\/\/es-es.facebook.com\/walkingranadatour\/","article_modified_time":"2023-04-24T09:42:11+00:00","og_image":[{"width":1000,"height":1000,"url":"https:\/\/walkingranada.com\/wp-content\/uploads\/2018\/10\/Walk-In-Granada.png","type":"image\/png"}],"twitter_card":"summary_large_image","twitter_site":"@walkingranada","twitter_misc":{"Tempo estimado de leitura":"5 minutos"},"schema":{"@context":"https:\/\/schema.org","@graph":[{"@type":"WebPage","@id":"https:\/\/walkingranada.com\/politica-de-privacidad\/","url":"https:\/\/walkingranada.com\/politica-de-privacidad\/","name":"Pol\u00edtica de privacidade | Walk In Granada","isPartOf":{"@id":"https:\/\/walkingranada.com\/#website"},"datePublished":"2022-12-20T14:56:15+00:00","dateModified":"2023-04-24T09:42:11+00:00","description":"Nesta p\u00e1gina, apresentamos a pol\u00edtica de privacidade do site da Walk in Granada Tours. Entre em contato conosco se precisar de mais informa\u00e7\u00f5es.","breadcrumb":{"@id":"https:\/\/walkingranada.com\/politica-de-privacidad\/#breadcrumb"},"inLanguage":"pt-PT","potentialAction":[{"@type":"ReadAction","target":["https:\/\/walkingranada.com\/politica-de-privacidad\/"]}]},{"@type":"BreadcrumbList","@id":"https:\/\/walkingranada.com\/politica-de-privacidad\/#breadcrumb","itemListElement":[{"@type":"ListItem","position":1,"name":"Portada","item":"https:\/\/walkingranada.com\/"},{"@type":"ListItem","position":2,"name":"Pol\u00edtica de privacidad"}]},{"@type":"WebSite","@id":"https:\/\/walkingranada.com\/#website","url":"https:\/\/walkingranada.com\/","name":"Walk in Granada","description":"Turismo responsable","publisher":{"@id":"https:\/\/walkingranada.com\/#organization"},"alternateName":"Walk in Granada","potentialAction":[{"@type":"SearchAction","target":{"@type":"EntryPoint","urlTemplate":"https:\/\/walkingranada.com\/?s={search_term_string}"},"query-input":{"@type":"PropertyValueSpecification","valueRequired":true,"valueName":"search_term_string"}}],"inLanguage":"pt-PT"},{"@type":"Organization","@id":"https:\/\/walkingranada.com\/#organization","name":"Walk In Granada","alternateName":"Walk In Granada","url":"https:\/\/walkingranada.com\/","logo":{"@type":"ImageObject","inLanguage":"pt-PT","@id":"https:\/\/walkingranada.com\/#\/schema\/logo\/image\/","url":"https:\/\/walkingranada.com\/wp-content\/uploads\/2022\/12\/Logo-Walking.webp","contentUrl":"https:\/\/walkingranada.com\/wp-content\/uploads\/2022\/12\/Logo-Walking.webp","width":512,"height":512,"caption":"Walk In Granada"},"image":{"@id":"https:\/\/walkingranada.com\/#\/schema\/logo\/image\/"},"sameAs":["https:\/\/es-es.facebook.com\/walkingranadatour\/","https:\/\/x.com\/walkingranada","https:\/\/www.instagram.com\/walkingranada\/"]}]}},"_links":{"self":[{"href":"https:\/\/walkingranada.com\/pt\/wp-json\/wp\/v2\/pages\/1236","targetHints":{"allow":["GET"]}}],"collection":[{"href":"https:\/\/walkingranada.com\/pt\/wp-json\/wp\/v2\/pages"}],"about":[{"href":"https:\/\/walkingranada.com\/pt\/wp-json\/wp\/v2\/types\/page"}],"author":[{"embeddable":true,"href":"https:\/\/walkingranada.com\/pt\/wp-json\/wp\/v2\/users\/2"}],"replies":[{"embeddable":true,"href":"https:\/\/walkingranada.com\/pt\/wp-json\/wp\/v2\/comments?post=1236"}],"version-history":[{"count":0,"href":"https:\/\/walkingranada.com\/pt\/wp-json\/wp\/v2\/pages\/1236\/revisions"}],"wp:attachment":[{"href":"https:\/\/walkingranada.com\/pt\/wp-json\/wp\/v2\/media?parent=1236"}],"curies":[{"name":"wp","href":"https:\/\/api.w.org\/{rel}","templated":true}]}}