{"id":452,"date":"2022-10-27T09:02:41","date_gmt":"2022-10-27T09:02:41","guid":{"rendered":"https:\/\/factum-omibu.es\/walkin\/?page_id=452"},"modified":"2025-04-01T14:35:47","modified_gmt":"2025-04-01T14:35:47","slug":"sevilla","status":"publish","type":"page","link":"https:\/\/walkingranada.com\/fr\/que-hacer-en-granada\/excursiones\/sevilla\/","title":{"rendered":"S\u00e9ville"},"content":{"rendered":"<p>Excursions d'une journ\u00e9e &gt; Sevilla<\/p>\n\t<!-- FareHarbor calendar of item #180673 -->\n<h1>\n\t\tSevilla depuis Granada\n\t<\/h1>\n\t<p>La capitale andalouse est sans aucun doute une ville dont l'histoire est \u00e0 la fois d'une importance fondamentale dans l'histoire non seulement de l'Espagne, mais aussi de l'Am\u00e9rique latine, \u00e9tant la capitale du commerce avec le nouveau continent \u00e0 l'\u00e9poque moderne et un port d'une importance capitale pour l'histoire de l'Espagne d'outre-mer. Une ville patrimoniale sans \u00e9quivalent dans le monde dont l'histoire remonte aux Ph\u00e9niciens et qui rassemble des vestiges de toutes les civilisations et cultures qui ont habit\u00e9 la p\u00e9ninsule ib\u00e9rique jusqu'\u00e0 nos jours.<\/p>\n<p class=\"translation-block\"><strong>Il s\u2019agit d\u2019une visite en petit groupe. Si vous souhaitez effectuer cette visite en format priv\u00e9, vous pouvez en faire la demande via notre section <\/strong><span class=\"red\"><a href=\"https:\/\/walkingranada.com\/fr\/visites-personnalisees\/\" target=\"_self\"> <strong class=\"red\">visites personnalis\u00e9es.<\/strong><\/a><\/span><\/p>\n<h2>\n\t\tExcursion \u00e0 Sevilla depuis Granada\n\t<\/h2>\n\t\t\t\t<img decoding=\"async\" loading=\"lazy\" src=\"https:\/\/walkingranada.com\/wp-content\/uploads\/2022\/12\/sevilla.jpg.webp\" alt=\"plaza de espa\u00f1a, sevilla\" itemprop=\"image\" height=\"398\" width=\"711\" title=\"sevilla\" onerror=\"this.style.display='none'\"  \/>\n\t<p class=\"translation-block\">Notre excursion \u00e0 <strong>S\u00e9ville<\/strong> depuis Grenade explore l'une des 34 ta\u00effas dans lesquelles s'est d\u00e9compos\u00e9 <strong>le califat de Cordoue<\/strong> jusqu'\u00e0 son absorption par <strong>les Almoravides<\/strong>. Une ville qui fut \u00e9galement la capitale dans <strong>Al-Andalus de l'Empire Almohade<\/strong>, et dont la p\u00e9riode a laiss\u00e9 des monuments tels que <strong>la Giralda<\/strong> qui perdurent jusqu'\u00e0 nos jours.<\/p>\n<p class=\"translation-block\">Le voyage depuis Grenade traversera les principales communes de la <strong>vall\u00e9e du Guadalquivir<\/strong>, d\u2019une grande importance historique et essentielles pour comprendre l\u2019idiosyncrasie de celle qui fut autrefois la capitale commerciale de l\u2019Empire espagnol.<\/p>\n\t<p class=\"translation-block\">\u00c0 <strong>S\u00e9ville<\/strong>, les visiteurs d\u00e9couvriront l'histoire de la ville depuis ses premiers habitants ph\u00e9niciens jusqu'\u00e0 nos jours, en passant par son importance historique depuis l'Antiquit\u00e9 et l'\u00e9poque de l'\u00e9mirat d\u00e9pendant de Damas, le califat de Cordoue, les trois \u00e9tapes des ta\u00effas, les conqu\u00eates des Almoravides et des Almohades, et enfin, la conqu\u00eate par les Rois catholiques et le r\u00f4le de <strong>S\u00e9ville<\/strong> dans le commerce outre-mer de la couronne espagnole pendant la p\u00e9riode imp\u00e9riale.<\/p>\n<p class=\"translation-block\">Le visiteur se plongera dans les rues de <strong>S\u00e9ville<\/strong>, accompagn\u00e9 d'un guide officiel, pour d\u00e9couvrir l'impact des diff\u00e9rentes cultures dans la formation de la capitale andalouse et leur influence sur le monde \u00e0 partir du XVIe si\u00e8cle.<\/p>\n<p class=\"translation-block\">Pendant le voyage, vous visiterez \u00e0 la fois <strong>la cath\u00e9drale de S\u00e9ville<\/strong>, un temple spectaculaire qui abrite les <strong>reliquats de Christophe Colomb<\/strong>, et la <strong>Giralda<\/strong>, maintenant int\u00e9gr\u00e9e dans le complexe de la cath\u00e9drale en tant que clocher, mais construite \u00e0 l'origine comme le minaret de la <strong>Mosqu\u00e9e Principale<\/strong> de la ville au XIIe si\u00e8cle pendant la p\u00e9riode almohade.<\/p>\n<p>Les visiteurs peuvent se promener dans les rues et explorer les nombreux coins d'une valeur historique incalculable d'une ville qui a \u00e9t\u00e9 enrichie par chaque culture unique qui a travers\u00e9 ses terres au cours des si\u00e8cles.<\/p>\n<h2>\n\t\tPoint de rencontre\n\t<\/h2>\n\t<p><strong>Place Mariana Pineda<\/strong><\/p>\n\t<p>Avez-vous besoin d'indications pour vous y rendre ?<\/p>\n\t\t\t<a href=\"#reserva\" target=\"_self\">\n\t\t\t\t\t\t\tR\u00e9server &gt;\n\t\t\t\t\t<\/a>\n\t\t\t<a href=\"https:\/\/goo.gl\/maps\/S8LCwLLRQArti4X98\" target=\"_self\">\n\t\t\t\t\t\t\tVoir carte &gt;\n\t\t\t\t\t<\/a>\n<h2>\n\t\tCe que vous allez visiter\n\t<\/h2>\n\t<ul>\n<li>Visite guid\u00e9e de la capitale de l'empire almohade d'Al-Andalus.<\/li>\n<li>Vues sur le fleuve Guadalquivir.<\/li>\n<li>Vous d\u00e9couvrirez le complexe historique-artistique de Sevilla.<\/li>\n<\/ul>\n<h2>\n\t\tCe qui est inclus dans la visite\n\t<\/h2>\n\t<ul>\n<li aria-level=\"1\">Entr\u00e9e de la cath\u00e9drale de S\u00e9ville<\/li>\n<li aria-level=\"1\">Entr\u00e9e de la Giralda de S\u00e9ville<\/li>\n<li aria-level=\"1\">Guide touristique officiel local <\/li>\n<li aria-level=\"1\">Guide papier pour profiter de votre temps libre dans la capitale de Sevilla.<\/li>\n<\/ul>\n<h2>\n\t\tCe que la visite ne comprend pas\n\t<\/h2>\n\t<ul>\n<li aria-level=\"1\">Nourriture et boisson<\/li>\n<li aria-level=\"1\">Les droits d'entr\u00e9e \u00e0 tout autre monument ou complexe monumental ne figurant pas dans la liste ci-dessus.<\/li>\n<\/ul>\n<h2>\n\t\tTambi\u00e9n puedes reservar nuestros otros servicios&#8230;\n\t<\/h2>\n\t<a href=\"https:\/\/walkingranada.com\/fr\/que-faire-a-granada\/flamenco\/\" target=\"_self\"><\/a>\t\t\t<img decoding=\"async\" loading=\"lazy\" alt=\"bailaora flamenca\" src=\"https:\/\/walkingranada.com\/wp-content\/uploads\/2022\/10\/Rectangle-42.png\"\/>\n\t\t<h3>Flamenco<\/h3>\n\t<a href=\"https:\/\/walkingranada.com\/fr\/que-faire-a-granada\/hammam-al-andalus\/\" target=\"_self\"><\/a>\t\t\t<img decoding=\"async\" loading=\"lazy\" alt=\"ba\u00f1os \u00e1rabes\" src=\"https:\/\/walkingranada.com\/wp-content\/uploads\/2022\/10\/Rectangle-43.png\"\/>\n\t\t<h3>Hammam <br \/>Al-\u00e1ndalus<\/h3>\n\t<a href=\"https:\/\/walkingranada.com\/fr\/que-faire-a-granada\/excursions\/\" target=\"_self\"><\/a>\t\t\t<img decoding=\"async\" loading=\"lazy\" alt=\"mezquita de c\u00f3rdoba\" src=\"https:\/\/walkingranada.com\/wp-content\/uploads\/2022\/10\/Rectangle-45.png\"\/>\n\t\t<h3>excursions <br \/>d\u2019une journ\u00e9e<\/h3>\n\t<a href=\"https:\/\/walkingranada.com\/fr\/que-faire-a-granada\/route-olfactif\/\" target=\"_self\"><\/a>\t\t\t<img decoding=\"async\" loading=\"lazy\" alt=\"imagen de una chica joven\" src=\"https:\/\/walkingranada.com\/wp-content\/uploads\/2022\/10\/Rectangle-38.png\"\/>\n\t\t<h3>Route olfactif<\/h3>","protected":false},"excerpt":{"rendered":"<p>Excursiones &gt; Sevilla Sevilla desde Granada La capital andaluza es sin duda alguna una ciudad cuya historia es a la vez parte de fundamental importancia en la historia no solo de Espa\u00f1a, sino tambi\u00e9n de latinoam\u00e9rica, siendo capital del comercio con el nuevo continente en la edad moderna y un puerto de capital relevancia para &#8230; <a title=\"S\u00e9ville\" class=\"read-more\" href=\"https:\/\/walkingranada.com\/fr\/que-hacer-en-granada\/excursiones\/sevilla\/\" aria-label=\"En savoir plus sur Sevilla\">Lire la suite<\/a><\/p>","protected":false},"author":2,"featured_media":0,"parent":446,"menu_order":0,"comment_status":"closed","ping_status":"closed","template":"","meta":{"footnotes":""},"class_list":["post-452","page","type-page","status-publish"],"yoast_head":"<!-- This site is optimized with the Yoast SEO plugin v27.5 - https:\/\/yoast.com\/product\/yoast-seo-wordpress\/ -->\n<title>Visita Sevilla desde Granada - Walk in Granada<\/title>\n<meta name=\"description\" content=\"Descubre la capital hispalense y la ciudad m\u00e1s relevante de la pen\u00ednsula ib\u00e9rica durante el siglo XVI. Reserva tu plaza ahora.\" \/>\n<meta name=\"robots\" content=\"index, follow, max-snippet:-1, max-image-preview:large, max-video-preview:-1\" \/>\n<link rel=\"canonical\" href=\"https:\/\/walkingranada.com\/fr\/que-faire-a-granada\/excursions\/sevilla\/\" \/>\n<meta property=\"og:locale\" content=\"fr_FR\" \/>\n<meta property=\"og:type\" content=\"article\" \/>\n<meta property=\"og:title\" content=\"Visita Sevilla desde Granada - Walk in Granada\" \/>\n<meta property=\"og:description\" content=\"Descubre la capital hispalense y la ciudad m\u00e1s relevante de la pen\u00ednsula ib\u00e9rica durante el siglo XVI. Reserva tu plaza ahora.\" \/>\n<meta property=\"og:url\" content=\"https:\/\/walkingranada.com\/fr\/que-faire-a-granada\/excursions\/sevilla\/\" \/>\n<meta property=\"og:site_name\" content=\"Walk in Granada\" \/>\n<meta property=\"article:publisher\" content=\"https:\/\/es-es.facebook.com\/walkingranadatour\/\" \/>\n<meta property=\"article:modified_time\" content=\"2025-04-01T14:35:47+00:00\" \/>\n<meta property=\"og:image\" content=\"https:\/\/walkingranada.com\/wp-content\/uploads\/2022\/12\/sevilla.jpg.webp\" \/>\n<meta name=\"twitter:card\" content=\"summary_large_image\" \/>\n<meta name=\"twitter:site\" content=\"@walkingranada\" \/>\n<meta name=\"twitter:label1\" content=\"Dur\u00e9e de lecture estim\u00e9e\" \/>\n\t<meta name=\"twitter:data1\" content=\"4 minutes\" \/>\n<script type=\"application\/ld+json\" class=\"yoast-schema-graph\">{\"@context\":\"https:\\\/\\\/schema.org\",\"@graph\":[{\"@type\":\"WebPage\",\"@id\":\"https:\\\/\\\/walkingranada.com\\\/que-hacer-en-granada\\\/excursiones\\\/sevilla\\\/\",\"url\":\"https:\\\/\\\/walkingranada.com\\\/que-hacer-en-granada\\\/excursiones\\\/sevilla\\\/\",\"name\":\"Visita Sevilla desde Granada - Walk in Granada\",\"isPartOf\":{\"@id\":\"https:\\\/\\\/walkingranada.com\\\/#website\"},\"primaryImageOfPage\":{\"@id\":\"https:\\\/\\\/walkingranada.com\\\/que-hacer-en-granada\\\/excursiones\\\/sevilla\\\/#primaryimage\"},\"image\":{\"@id\":\"https:\\\/\\\/walkingranada.com\\\/que-hacer-en-granada\\\/excursiones\\\/sevilla\\\/#primaryimage\"},\"thumbnailUrl\":\"https:\\\/\\\/walkingranada.com\\\/wp-content\\\/uploads\\\/2022\\\/12\\\/sevilla.jpg.webp\",\"datePublished\":\"2022-10-27T09:02:41+00:00\",\"dateModified\":\"2025-04-01T14:35:47+00:00\",\"description\":\"Descubre la capital hispalense y la ciudad m\u00e1s relevante de la pen\u00ednsula ib\u00e9rica durante el siglo XVI. Reserva tu plaza ahora.\",\"breadcrumb\":{\"@id\":\"https:\\\/\\\/walkingranada.com\\\/que-hacer-en-granada\\\/excursiones\\\/sevilla\\\/#breadcrumb\"},\"inLanguage\":\"fr-FR\",\"potentialAction\":[{\"@type\":\"ReadAction\",\"target\":[\"https:\\\/\\\/walkingranada.com\\\/que-hacer-en-granada\\\/excursiones\\\/sevilla\\\/\"]}]},{\"@type\":\"ImageObject\",\"inLanguage\":\"fr-FR\",\"@id\":\"https:\\\/\\\/walkingranada.com\\\/que-hacer-en-granada\\\/excursiones\\\/sevilla\\\/#primaryimage\",\"url\":\"https:\\\/\\\/walkingranada.com\\\/wp-content\\\/uploads\\\/2022\\\/12\\\/sevilla.jpg.webp\",\"contentUrl\":\"https:\\\/\\\/walkingranada.com\\\/wp-content\\\/uploads\\\/2022\\\/12\\\/sevilla.jpg.webp\"},{\"@type\":\"BreadcrumbList\",\"@id\":\"https:\\\/\\\/walkingranada.com\\\/que-hacer-en-granada\\\/excursiones\\\/sevilla\\\/#breadcrumb\",\"itemListElement\":[{\"@type\":\"ListItem\",\"position\":1,\"name\":\"Portada\",\"item\":\"https:\\\/\\\/walkingranada.com\\\/\"},{\"@type\":\"ListItem\",\"position\":2,\"name\":\"Qu\u00e9 hacer en granada\",\"item\":\"https:\\\/\\\/walkingranada.com\\\/que-hacer-en-granada\\\/\"},{\"@type\":\"ListItem\",\"position\":3,\"name\":\"Excursiones de un d\u00eda\",\"item\":\"https:\\\/\\\/walkingranada.com\\\/que-hacer-en-granada\\\/excursiones\\\/\"},{\"@type\":\"ListItem\",\"position\":4,\"name\":\"Sevilla\"}]},{\"@type\":\"WebSite\",\"@id\":\"https:\\\/\\\/walkingranada.com\\\/#website\",\"url\":\"https:\\\/\\\/walkingranada.com\\\/\",\"name\":\"Walk in Granada\",\"description\":\"Turismo responsable\",\"publisher\":{\"@id\":\"https:\\\/\\\/walkingranada.com\\\/#organization\"},\"alternateName\":\"Walk in Granada\",\"potentialAction\":[{\"@type\":\"SearchAction\",\"target\":{\"@type\":\"EntryPoint\",\"urlTemplate\":\"https:\\\/\\\/walkingranada.com\\\/?s={search_term_string}\"},\"query-input\":{\"@type\":\"PropertyValueSpecification\",\"valueRequired\":true,\"valueName\":\"search_term_string\"}}],\"inLanguage\":\"fr-FR\"},{\"@type\":\"Organization\",\"@id\":\"https:\\\/\\\/walkingranada.com\\\/#organization\",\"name\":\"Walk In Granada\",\"alternateName\":\"Walk In Granada\",\"url\":\"https:\\\/\\\/walkingranada.com\\\/\",\"logo\":{\"@type\":\"ImageObject\",\"inLanguage\":\"fr-FR\",\"@id\":\"https:\\\/\\\/walkingranada.com\\\/#\\\/schema\\\/logo\\\/image\\\/\",\"url\":\"https:\\\/\\\/walkingranada.com\\\/wp-content\\\/uploads\\\/2022\\\/12\\\/Logo-Walking.webp\",\"contentUrl\":\"https:\\\/\\\/walkingranada.com\\\/wp-content\\\/uploads\\\/2022\\\/12\\\/Logo-Walking.webp\",\"width\":512,\"height\":512,\"caption\":\"Walk In Granada\"},\"image\":{\"@id\":\"https:\\\/\\\/walkingranada.com\\\/#\\\/schema\\\/logo\\\/image\\\/\"},\"sameAs\":[\"https:\\\/\\\/es-es.facebook.com\\\/walkingranadatour\\\/\",\"https:\\\/\\\/x.com\\\/walkingranada\",\"https:\\\/\\\/www.instagram.com\\\/walkingranada\\\/\"]}]}<\/script>\n<!-- \/ Yoast SEO plugin. -->","yoast_head_json":{"title":"Visitez S\u00e9ville depuis Grenade - Walk in Granada","description":"D\u00e9couvrez la capitale de l'Andalousie et la ville la plus importante de la p\u00e9ninsule ib\u00e9rique au XVIe si\u00e8cle. R\u00e9servez votre place d\u00e8s maintenant.","robots":{"index":"index","follow":"follow","max-snippet":"max-snippet:-1","max-image-preview":"max-image-preview:large","max-video-preview":"max-video-preview:-1"},"canonical":"https:\/\/walkingranada.com\/fr\/que-faire-a-granada\/excursions\/sevilla\/","og_locale":"fr_FR","og_type":"article","og_title":"Visita Sevilla desde Granada - Walk in Granada","og_description":"Descubre la capital hispalense y la ciudad m\u00e1s relevante de la pen\u00ednsula ib\u00e9rica durante el siglo XVI. Reserva tu plaza ahora.","og_url":"https:\/\/walkingranada.com\/fr\/que-faire-a-granada\/excursions\/sevilla\/","og_site_name":"Walk in Granada","article_publisher":"https:\/\/es-es.facebook.com\/walkingranadatour\/","article_modified_time":"2025-04-01T14:35:47+00:00","og_image":[{"url":"https:\/\/walkingranada.com\/wp-content\/uploads\/2022\/12\/sevilla.jpg.webp","type":"","width":"","height":""}],"twitter_card":"summary_large_image","twitter_site":"@walkingranada","twitter_misc":{"Dur\u00e9e de lecture estim\u00e9e":"4 minutes"},"schema":{"@context":"https:\/\/schema.org","@graph":[{"@type":"WebPage","@id":"https:\/\/walkingranada.com\/que-hacer-en-granada\/excursiones\/sevilla\/","url":"https:\/\/walkingranada.com\/que-hacer-en-granada\/excursiones\/sevilla\/","name":"Visitez S\u00e9ville depuis Grenade - Walk in Granada","isPartOf":{"@id":"https:\/\/walkingranada.com\/#website"},"primaryImageOfPage":{"@id":"https:\/\/walkingranada.com\/que-hacer-en-granada\/excursiones\/sevilla\/#primaryimage"},"image":{"@id":"https:\/\/walkingranada.com\/que-hacer-en-granada\/excursiones\/sevilla\/#primaryimage"},"thumbnailUrl":"https:\/\/walkingranada.com\/wp-content\/uploads\/2022\/12\/sevilla.jpg.webp","datePublished":"2022-10-27T09:02:41+00:00","dateModified":"2025-04-01T14:35:47+00:00","description":"D\u00e9couvrez la capitale de l'Andalousie et la ville la plus importante de la p\u00e9ninsule ib\u00e9rique au XVIe si\u00e8cle. R\u00e9servez votre place d\u00e8s maintenant.","breadcrumb":{"@id":"https:\/\/walkingranada.com\/que-hacer-en-granada\/excursiones\/sevilla\/#breadcrumb"},"inLanguage":"fr-FR","potentialAction":[{"@type":"ReadAction","target":["https:\/\/walkingranada.com\/que-hacer-en-granada\/excursiones\/sevilla\/"]}]},{"@type":"ImageObject","inLanguage":"fr-FR","@id":"https:\/\/walkingranada.com\/que-hacer-en-granada\/excursiones\/sevilla\/#primaryimage","url":"https:\/\/walkingranada.com\/wp-content\/uploads\/2022\/12\/sevilla.jpg.webp","contentUrl":"https:\/\/walkingranada.com\/wp-content\/uploads\/2022\/12\/sevilla.jpg.webp"},{"@type":"BreadcrumbList","@id":"https:\/\/walkingranada.com\/que-hacer-en-granada\/excursiones\/sevilla\/#breadcrumb","itemListElement":[{"@type":"ListItem","position":1,"name":"Portada","item":"https:\/\/walkingranada.com\/"},{"@type":"ListItem","position":2,"name":"Qu\u00e9 hacer en granada","item":"https:\/\/walkingranada.com\/que-hacer-en-granada\/"},{"@type":"ListItem","position":3,"name":"Excursiones de un d\u00eda","item":"https:\/\/walkingranada.com\/que-hacer-en-granada\/excursiones\/"},{"@type":"ListItem","position":4,"name":"Sevilla"}]},{"@type":"WebSite","@id":"https:\/\/walkingranada.com\/#website","url":"https:\/\/walkingranada.com\/","name":"Walk in Granada","description":"Turismo responsable","publisher":{"@id":"https:\/\/walkingranada.com\/#organization"},"alternateName":"Walk in Granada","potentialAction":[{"@type":"SearchAction","target":{"@type":"EntryPoint","urlTemplate":"https:\/\/walkingranada.com\/?s={search_term_string}"},"query-input":{"@type":"PropertyValueSpecification","valueRequired":true,"valueName":"search_term_string"}}],"inLanguage":"fr-FR"},{"@type":"Organization","@id":"https:\/\/walkingranada.com\/#organization","name":"Walk In Granada","alternateName":"Walk In Granada","url":"https:\/\/walkingranada.com\/","logo":{"@type":"ImageObject","inLanguage":"fr-FR","@id":"https:\/\/walkingranada.com\/#\/schema\/logo\/image\/","url":"https:\/\/walkingranada.com\/wp-content\/uploads\/2022\/12\/Logo-Walking.webp","contentUrl":"https:\/\/walkingranada.com\/wp-content\/uploads\/2022\/12\/Logo-Walking.webp","width":512,"height":512,"caption":"Walk In Granada"},"image":{"@id":"https:\/\/walkingranada.com\/#\/schema\/logo\/image\/"},"sameAs":["https:\/\/es-es.facebook.com\/walkingranadatour\/","https:\/\/x.com\/walkingranada","https:\/\/www.instagram.com\/walkingranada\/"]}]}},"_links":{"self":[{"href":"https:\/\/walkingranada.com\/fr\/wp-json\/wp\/v2\/pages\/452","targetHints":{"allow":["GET"]}}],"collection":[{"href":"https:\/\/walkingranada.com\/fr\/wp-json\/wp\/v2\/pages"}],"about":[{"href":"https:\/\/walkingranada.com\/fr\/wp-json\/wp\/v2\/types\/page"}],"author":[{"embeddable":true,"href":"https:\/\/walkingranada.com\/fr\/wp-json\/wp\/v2\/users\/2"}],"replies":[{"embeddable":true,"href":"https:\/\/walkingranada.com\/fr\/wp-json\/wp\/v2\/comments?post=452"}],"version-history":[{"count":3,"href":"https:\/\/walkingranada.com\/fr\/wp-json\/wp\/v2\/pages\/452\/revisions"}],"predecessor-version":[{"id":6810,"href":"https:\/\/walkingranada.com\/fr\/wp-json\/wp\/v2\/pages\/452\/revisions\/6810"}],"up":[{"embeddable":true,"href":"https:\/\/walkingranada.com\/fr\/wp-json\/wp\/v2\/pages\/446"}],"wp:attachment":[{"href":"https:\/\/walkingranada.com\/fr\/wp-json\/wp\/v2\/media?parent=452"}],"curies":[{"name":"wp","href":"https:\/\/api.w.org\/{rel}","templated":true}]}}