{"id":4327,"date":"2023-06-19T11:54:39","date_gmt":"2023-06-19T11:54:39","guid":{"rendered":"https:\/\/walkingranada.com\/?page_id=4327"},"modified":"2023-09-21T09:39:12","modified_gmt":"2023-09-21T09:39:12","slug":"chapelle-royale-cathedrale","status":"publish","type":"page","link":"https:\/\/walkingranada.com\/fr\/visitas-guiadas\/capilla-real-catedral\/","title":{"rendered":"Chapelle Royale et Cath\u00e9drale"},"content":{"rendered":"<h1>Visites guid\u00e9es Chapelle Royale et Cath\u00e9drale<\/h1>\r\n<h2>VISITES GUID\u00c9ES DE LA CHAPELLE ROYALE ET DE LA CATH\u00c9DRALE DE GRENADE<\/h2>\r\n<p class=\"translation-block\">La <strong>Chapelle Royale<\/strong> et la <strong>Cath\u00e9drale de Grenade<\/strong> sont deux joyaux architecturaux et religieux d'une grande importance historique. Situ\u00e9es au c\u0153ur de la ville, elles repr\u00e9sentent la fusion de diff\u00e9rents styles artistiques et l'h\u00e9ritage de plusieurs si\u00e8cles d'histoire.<\/p>\r\n<p class=\"translation-block\">La <strong>Chapelle Royale<\/strong> abrite les tombes des <strong>Rois Catholiques<\/strong>, Isabelle et Ferdinand, ainsi que d'autres membres de la famille royale. Cette chapelle imposante est un t\u00e9moignage de grandeur et de puissance. De plus, la chapelle dispose d'un mus\u00e9e qui expose une pr\u00e9cieuse collection d'art, comprenant des peintures, des sculptures et des objets personnels des Rois Catholiques.<\/p>\r\n<p class=\"translation-block\">De son c\u00f4t\u00e9, <strong>la Cath\u00e9drale de Grenade<\/strong> est une merveille architecturale qui combine des \u00e9l\u00e9ments gothiques, Renaissance et baroques. Sa fa\u00e7ade imposante et son int\u00e9rieur majestueux impressionnent tous les visiteurs.<\/p>\r\n<section id=\"servicios\"><img decoding=\"async\" loading=\"lazy\" src=\"https:\/\/walkingranada.com\/wp-content\/uploads\/2023\/01\/Esencial-tour.webp\" alt=\"Catedral de Granada\" \/>\r\n<h3>Visita privada a la Capilla Real y Catedral<\/h3>\r\n<hr \/>\r\n<p>Visitez la Chapelle et la Cath\u00e9drale avec cette visite priv\u00e9e et plongez dans l'histoire de Grenade.<\/p>\r\n<hr \/>\r\n<p>Lundi \u00e0 samedi<\/p>\r\n<p>10:00 et 16:00<\/p>\r\n<p>2h<\/p>\r\n\u00c0 partir de\r\n<p>24\u20ac<\/p>\r\n\/pax <a href=\"https:\/\/walkingranada.com\/fr\/visites-guidees\/cathedrale-chapelle-royale-visite-privee\/\">Reservar &gt;<\/a> <img decoding=\"async\" loading=\"lazy\" src=\"https:\/\/walkingranada.com\/wp-content\/uploads\/2023\/05\/water-fountain-in-the-cathedral-church-in-granada-2023-05-11-05-38-54-utc-e1687169359923.jpg.webp\" alt=\"Vista de la Catedral de Granada\" \/>\r\n<h3>Visite en groupe Chapelle Royale et Cath\u00e9drale<\/h3>\r\n<hr \/>\r\n<p>Rejoignez un groupe pour d\u00e9couvrir ces deux joyaux de la capitale nasride avec un guide.<\/p>\r\n<hr \/>\r\n<p>Lundi \u00e0 samedi<\/p>\r\n<p>10:00<\/p>\r\n<p>2h<\/p>\r\n\u00c0 partir de\r\n<p>33\u20ac<\/p>\r\n\/pax <a href=\"https:\/\/walkingranada.com\/fr\/visites-guidees\/cathedrale-chapelle-royale-groupe\/\">Reservar &gt;<\/a><\/section>\r\n<p>Nos revues de<\/p>\r\n<p><img decoding=\"async\" loading=\"lazy\" title=\"google-g-logo\" src=\"https:\/\/walkingranada.com\/wp-content\/uploads\/2023\/01\/google-g-logo.webp\" alt=\"google-g-logo\" width=\"151\" height=\"151\" \/> <pre class=\"ti-widget\"><template id=\"trustindex-google-widget-html\"><div class=\"ti-widget  ti-goog ti-review-text-mode-readmore ti-text-align-left\" data-no-translation=\"true\" data-time-locale=\"hace %d %s|hoy|d\u00eda|d\u00edas|semana|semanas|mes|meses|a\u00f1o|a\u00f1os\" data-plugin-version=\"13.2.9\" data-layout-id=\"27\" data-layout-category=\"button\" data-set-id=\"light-minimal\" data-pid=\"\" data-language=\"es\" data-close-locale=\"Cerca\" data-css-version=\"2\" data-size=\"1\"> <div class=\"ti-widget-container\"> <a href=\"https:\/\/admin.trustindex.io\/api\/googleReview?place-id=ChIJwRpCRcD8cQ0RP1zvUxLzG9I\" role=\"button\" target=\"_blank\" rel=\"noopener nofollow\" class=\"ti-header ti-header-grid source-Google\"> <div class=\"ti-fade-container\"> <div class=\"ti-mob-row\"> <span class=\"nowrap\"><strong>EXCELENTE<\/strong><\/span> <span class=\"ti-stars\"><trustindex-image class=\"ti-star\" data-imgurl=\"https:\/\/cdn.trustindex.io\/assets\/platform\/Google\/star\/f.svg\" alt=\"Google star 1\" width=\"17\" height=\"17\" loading=\"lazy\"><\/trustindex-image><trustindex-image class=\"ti-star\" data-imgurl=\"https:\/\/cdn.trustindex.io\/assets\/platform\/Google\/star\/f.svg\" alt=\"Google star 2\" width=\"17\" height=\"17\" loading=\"lazy\"><\/trustindex-image><trustindex-image class=\"ti-star\" data-imgurl=\"https:\/\/cdn.trustindex.io\/assets\/platform\/Google\/star\/f.svg\" alt=\"Google star 3\" width=\"17\" height=\"17\" loading=\"lazy\"><\/trustindex-image><trustindex-image class=\"ti-star\" data-imgurl=\"https:\/\/cdn.trustindex.io\/assets\/platform\/Google\/star\/f.svg\" alt=\"Google star 4\" width=\"17\" height=\"17\" loading=\"lazy\"><\/trustindex-image><trustindex-image class=\"ti-star\" data-imgurl=\"https:\/\/cdn.trustindex.io\/assets\/platform\/Google\/star\/f.svg\" alt=\"Google star 5\" width=\"17\" height=\"17\" loading=\"lazy\"><\/trustindex-image><\/span> <\/div> <div class=\"ti-mob-row\"> <span class=\"nowrap\"><strong>5305 rese\u00f1as<\/strong><\/span><div class=\"ti-small-logo\"><trustindex-image data-imgurl=\"https:\/\/walkingranada.com\/wp-content\/plugins\/wp-reviews-plugin-for-google\/static\/img\/platform\/logo.svg?ver=do-not-care-13.2.9\" alt=\"Google\" width=\"150\" height=\"25\" loading=\"lazy\"><\/trustindex-image><\/div> <\/div> <\/div> <\/a> <\/div> <\/div> <\/template><\/pre><div data-src=\"https:\/\/cdn.trustindex.io\/loader.js?wp-widget\" data-template-id=\"trustindex-google-widget-html\" data-css-url=\"https:\/\/walkingranada.com\/wp-content\/uploads\/trustindex-google-widget.css?1776183020\"><\/div> <a href=\"https:\/\/www.tripadvisor.es\/Attraction_Review-g187441-d7896128-Reviews-Walk_In_Granada-Granada_Province_of_Granada_Andalucia.html\" target=\"_blank\" rel=\"noopener\"> <img decoding=\"async\" loading=\"lazy\" title=\"Tripadvisor walkin\" src=\"https:\/\/walkingranada.com\/wp-content\/uploads\/2023\/01\/Tripadvisor-walkin.webp\" alt=\"Tripadvisor walkin\" width=\"358\" height=\"236\" \/> <\/a> <img decoding=\"async\" loading=\"lazy\" title=\"sonia-c 1\" src=\"https:\/\/walkingranada.com\/wp-content\/uploads\/bb-plugin\/cache\/sonia-c-1-square.png\" alt=\"sonia\" \/><\/p>\r\n<p>Excellente exp\u00e9rience<br \/>TripadvisorGranada esencial, Albaic\u00edn y Sacromonte, 2 tours en los cuales hemos coincidido con Alain. La ruta es una maravilla y Alain es un gu\u00eda de los que te hace reflexionar, de los que cuenta la historia de una forma muy amena\u2026Una maravilla.<br \/>Nous avons \u00e9galement r\u00e9serv\u00e9 une visite de l'Alhambra, dans ce cas nous avons \u00e9t\u00e9 guid\u00e9s par Edu, qui est tr\u00e8s bien inform\u00e9 sur l'histoire et l'am\u00e9nagement paysager. Les 3 visites que nous avons faites avec Walk in Granada sont 100% recommandables.<\/p>\r\n<p>Sonia C <input type=\"radio\" value=\"5\" \/> <label title=\"5 out of 5 stars\"><\/label> <input type=\"radio\" value=\"4\" \/> <label title=\"4 out of 5 stars\"><\/label> <input type=\"radio\" value=\"3\" \/> <label title=\"3 out of 5 stars\"><\/label> <input type=\"radio\" value=\"2\" \/> <label title=\"2 out of 5 stars\"><\/label> <input type=\"radio\" value=\"1\" \/> <label title=\"1 out of 5 stars\"><\/label> <img decoding=\"async\" loading=\"lazy\" title=\"Grupo 1\" src=\"https:\/\/walkingranada.com\/wp-content\/uploads\/bb-plugin\/cache\/Grupo-1-square.png\" alt=\"Grupo 1\" \/><\/p>\r\n<p>Une merveilleuse promenade \u00e0 travers l'histoire de Grenade.<br \/>TripadvisorLa Fonda y la Alcaicer\u00eda (Zacat\u00edn). Una entretenida y did\u00e1ctica clase de la historia de las cuatro culturas de Granada. Se nos ha hecho muy corta.<\/p>\r\n<p>Beletxe <input type=\"radio\" value=\"5\" \/> <label title=\"5 out of 5 stars\"><\/label> <input type=\"radio\" value=\"4\" \/> <label title=\"4 out of 5 stars\"><\/label> <input type=\"radio\" value=\"3\" \/> <label title=\"3 out of 5 stars\"><\/label> <input type=\"radio\" value=\"2\" \/> <label title=\"2 out of 5 stars\"><\/label> <input type=\"radio\" value=\"1\" \/> <label title=\"1 out of 5 stars\"><\/label> <img decoding=\"async\" loading=\"lazy\" title=\"Grupo 2\" src=\"https:\/\/walkingranada.com\/wp-content\/uploads\/bb-plugin\/cache\/Grupo-2-square.png\" alt=\"Grupo 2\" \/> Granada est unique<br \/>Tripadvisor<\/p>\r\n<p>Granada est une ville unique et si vous avez la chance d'avoir une personne comme Eduardo pour vous l'expliquer, la ville devient encore plus attrayante. Visite tr\u00e8s, tr\u00e8s divertissante et historiquement pr\u00e9cise.<\/p>\r\n<p>Ana C <input type=\"radio\" value=\"5\" \/> <label title=\"5 out of 5 stars\"><\/label> <input type=\"radio\" value=\"4\" \/> <label title=\"4 out of 5 stars\"><\/label> <input type=\"radio\" value=\"3\" \/> <label title=\"3 out of 5 stars\"><\/label> <input type=\"radio\" value=\"2\" \/> <label title=\"2 out of 5 stars\"><\/label> <input type=\"radio\" value=\"1\" \/> <label title=\"1 out of 5 stars\"><\/label><\/p>\r\n<h2>Chapelle Royale : Informations g\u00e9n\u00e9rales<\/h2>\r\n<p class=\"translation-block\">La <strong>Chapelle Royale de Grenade<\/strong> est un monument historique et religieux situ\u00e9 dans la ville de Grenade, en Espagne. Elle est connue pour \u00eatre le lieu de repos final des Rois Catholiques, <strong>Isabelle I de Castille<\/strong> et <strong>Ferdinand II d'Aragon<\/strong>, ainsi que de leur fille <strong>Jeanne I<\/strong> et de son mari <strong>Philippe le Beau<\/strong>.<\/p>\r\n<p class=\"translation-block\">Les tombes, consid\u00e9r\u00e9es comme l'un des <strong>chef-d'\u0153uvres de la Renaissance espagnole<\/strong>, sont faites de marbre blanc et contiennent les statues couch\u00e9es des rois, sculpt\u00e9es par l'artiste italien <strong>Domenico Fancelli<\/strong>.<\/p>\r\n<p class=\"translation-block\">La <strong>Chapelle Royale<\/strong> est un lieu d'une grande importance historique et culturelle en Espagne. En plus de sa valeur artistique, c'est aussi une <strong>destination de p\u00e8lerinage<\/strong> pour ceux qui souhaitent rendre <strong>hommage aux Rois Catholiques<\/strong> et explorer l'histoire de l'Espagne durant les derni\u00e8res \u00e9tapes de la conqu\u00eate.<\/p>\r\n<h3>Histoire de la Chapelle Royale<\/h3>\r\n<p class=\"translation-block\">L'histoire remonte au XVIe si\u00e8cle. Sa construction en tant que <strong>mausol\u00e9e pour les monarques<\/strong> a d\u00e9but\u00e9 en 1505 et s'est achev\u00e9e en 1521.<\/p>\r\n<p class=\"translation-block\">Grenade repr\u00e9sente beaucoup pour les Rois Catholiques. Au d\u00e9but de leur r\u00e8gne, l'Espagne \u00e9tait divis\u00e9e en cinq royaumes, mais l'int\u00e9gration de Grenade a constitu\u00e9 une \u00e9tape d\u00e9cisive vers l'unification de ces royaumes et un jalon dans la naissance de l'Espagne en tant que nation. Ainsi, la ville est devenue le <strong>centre du Royaume<\/strong> et l'endroit o\u00f9 les monarques ont exprim\u00e9 par \u00e9crit leur souhait d'y \u00eatre enterr\u00e9s.<\/p>\r\n<h3>Tr\u00e9sors artistiques dans la Chapelle Royale<\/h3>\r\n<p class=\"translation-block\">\u00c0 l'int\u00e9rieur, vous pouvez admirer des chefs-d'\u0153uvre d'artistes renomm\u00e9s, tels que <strong>les peintures d'Alonso Cano, les sculptures de Juan de Flandes et les tapisseries d'une grande valeur historique<\/strong>.<\/p>\r\n<p>De plus, elle compte une collection d'objets liturgiques qui refl\u00e8tent la richesse et la splendeur de l'\u00e9poque.<\/p>\r\n<p>Le b\u00e2timent lui-m\u00eame est un magnifique exemple de l'architecture gothique isab\u00e9line.<\/p>\r\n<h2>Cath\u00e9drale de Grenade : Informations g\u00e9n\u00e9rales<\/h2>\r\n<p class=\"translation-block\">La <strong>Cath\u00e9drale de Grenade<\/strong>, \u00e9galement connue sous le nom de <strong>Sainte \u00c9glise Cath\u00e9drale M\u00e9tropolitaine de l'Incarnation de Grenade<\/strong>, est l'un des principaux monuments de la ville de Grenade. Construite sur l'emplacement de l'ancienne grande mosqu\u00e9e, <strong>sa construction a d\u00e9but\u00e9 en 1523<\/strong> et s'est <strong>achev\u00e9e compl\u00e8tement<\/strong>, apr\u00e8s de nombreux probl\u00e8mes survenus au cours de deux si\u00e8cles, <strong>en 1704<\/strong>.<\/p>\r\n<p class=\"translation-block\">La cath\u00e9drale poss\u00e8de une <strong>sacristie<\/strong> et un <strong>mus\u00e9e<\/strong>, o\u00f9 sont expos\u00e9s d'anciens objets liturgiques, des tapisseries et des manuscrits.<\/p>\r\n<h3>Architecture et Caract\u00e9ristiques<\/h3>\r\n<p class=\"translation-block\">La cath\u00e9drale de Grenade pr\u00e9sente une impressionnante combinaison de styles architecturaux. Sa fa\u00e7ade principale affiche une <strong>pr\u00e9sence majestueuse baroque<\/strong>, tandis que son int\u00e9rieur abrite ce qui est consid\u00e9r\u00e9 comme la premi\u00e8re \u00e9glise de la Renaissance espagnole, construite sur un plan original con\u00e7u dans un style gothique tardif. Son clocher se distingue, \u00e9tant devenu un embl\u00e8me de la ville.<\/p>\r\n<p class=\"translation-block\">La conception int\u00e9rieure de la cath\u00e9drale pr\u00e9sente un <strong>plan de croix latine<\/strong>, avec une vaste nef centrale et de \u00e9l\u00e9gantes chapelles lat\u00e9rales. La richesse ornementale de ses <strong>vo\u00fbtes et arcs<\/strong> est \u00e9blouissante. Les caract\u00e9ristiques de cette cath\u00e9drale t\u00e9moignent du talent et de l'habilet\u00e9 des architectes et constructeurs qui l'ont \u00e9rig\u00e9e.<\/p>\r\n<p>&nbsp;<\/p>\r\n<h3>\u0152uvres d'art et Reliques dans la cath\u00e9drale<\/h3>\r\n<p>La Catedral de Granada resguarda un valioso tesoro art\u00edstico. En su interior, se pueden admirar <strong>obras maestras de pintura, escultura y retablos<\/strong> de diversos periodos art\u00edsticos. Destacan pinturas como <strong>\u00abLa Virgen de la Rosa\u00bb de Alonso Cano<\/strong> et <strong>\u00abLa Anunciaci\u00f3n\u00bb de Fra Angelico<\/strong>.<\/p>\r\n<p>De plus, elle abrite une importante collection de reliques et d'objets sacr\u00e9s, notamment des reliquaires, des ostensoirs et des calices r\u00e9alis\u00e9s avec des mat\u00e9riaux pr\u00e9cieux. Ces \u0153uvres d'art et reliques sont un t\u00e9moignage du patrimoine culturel et religieux pr\u00e9serv\u00e9 dans la cath\u00e9drale et constituent un t\u00e9moignage de la d\u00e9votion et de la cr\u00e9ativit\u00e9 artistique des \u00e9poques pass\u00e9es.<\/p>\r\n<p>&nbsp;<\/p>\r\n<h3>Tambi\u00e9n puedes reservar nuestras visitas guiadas&#8230;<\/h3>\r\n<p><img decoding=\"async\" loading=\"lazy\" src=\"https:\/\/walkingranada.com\/wp-content\/uploads\/2023\/01\/Centro-historico-card.webp\" alt=\"Plaza Nueva de Granada\" \/><\/p>\r\n<h3>Centre <br \/>HISTORIQUE <br \/>et Albaic\u00edn<\/h3>\r\n<p><img decoding=\"async\" loading=\"lazy\" src=\"https:\/\/walkingranada.com\/wp-content\/uploads\/2023\/01\/card-albaicin.webp\" alt=\"Albayc\u00edn\" \/><\/p>\r\n<h3>Albaic\u00edn<\/h3>\r\n<p><img decoding=\"async\" loading=\"lazy\" src=\"https:\/\/walkingranada.com\/wp-content\/uploads\/2023\/01\/Card-Sacromonte.webp\" alt=\"Cuevas del Sacromonte\" \/><\/p>\r\n<h3>Sacromonte<\/h3>\r\n<p><img decoding=\"async\" loading=\"lazy\" src=\"https:\/\/walkingranada.com\/wp-content\/uploads\/2023\/01\/Albaicin-sacromonte-card-1.webp\" alt=\"Sacromonte\" \/><\/p>\r\n<h3>Albaic\u00edn y sacromonte<\/h3>\r\n<h3>O disfrutar de otros servicios&#8230;<\/h3>\r\n<p><img decoding=\"async\" loading=\"lazy\" src=\"https:\/\/walkingranada.com\/wp-content\/uploads\/2022\/10\/Rectangle-42.png\" alt=\"bailaora flamenca\" \/><\/p>\r\n<h3>Flamenco<\/h3>\r\n<p><img decoding=\"async\" loading=\"lazy\" src=\"https:\/\/walkingranada.com\/wp-content\/uploads\/2022\/10\/Rectangle-43.png\" alt=\"ba\u00f1os \u00e1rabes\" \/><\/p>\r\n<h3>Hammam <br \/>Al-\u00e1ndalus<\/h3>\r\n<p><img decoding=\"async\" loading=\"lazy\" src=\"https:\/\/walkingranada.com\/wp-content\/uploads\/2022\/10\/Rectangle-45.png\" alt=\"mezquita de c\u00f3rdoba\" \/><\/p>\r\n<h3>excursions <br \/>d\u2019une journ\u00e9e<\/h3>\r\n<p><img decoding=\"async\" loading=\"lazy\" src=\"https:\/\/walkingranada.com\/wp-content\/uploads\/2022\/10\/Rectangle-38.png\" alt=\"imagen de una chica joven\" \/><\/p>\r\n<h3>Route olfactif<\/h3>","protected":false},"excerpt":{"rendered":"<p>VISITAS guiadas capilla real y catedral VISITAS GUIADAS CAPILLA REAL Y CATEDRAL DE GRANADA La Capilla Real y la Catedral de Granada son dos joyas arquitect\u00f3nicas y religiosas de gran importancia hist\u00f3rica. Situadas en el coraz\u00f3n de la ciudad, representan la fusi\u00f3n de diferentes estilos art\u00edsticos y el legado de siglos de historia. La Capilla &#8230; <a title=\"Chapelle Royale et Cath\u00e9drale\" class=\"read-more\" href=\"https:\/\/walkingranada.com\/fr\/visitas-guiadas\/capilla-real-catedral\/\" aria-label=\"En savoir plus sur Capilla Real y Catedral\">Lire la suite<\/a><\/p>","protected":false},"author":2,"featured_media":0,"parent":94,"menu_order":0,"comment_status":"closed","ping_status":"closed","template":"","meta":{"footnotes":""},"class_list":["post-4327","page","type-page","status-publish"],"yoast_head":"<!-- This site is optimized with the Yoast SEO plugin v27.4 - https:\/\/yoast.com\/product\/yoast-seo-wordpress\/ -->\n<title>Visitas Guiadas a Capilla Real y Catedral | Walk In Granada<\/title>\n<meta name=\"description\" content=\"Descubre dos de los monumentos m\u00e1s relevantes de Granada en estas visitas guiadas a la Capilla Real y la Catedral. \u00a1Reserva ahora!\" \/>\n<meta name=\"robots\" content=\"index, follow, max-snippet:-1, max-image-preview:large, max-video-preview:-1\" \/>\n<link rel=\"canonical\" href=\"https:\/\/walkingranada.com\/fr\/visites-guidees\/chapelle-royale-cathedrale\/\" \/>\n<meta property=\"og:locale\" content=\"fr_FR\" \/>\n<meta property=\"og:type\" content=\"article\" \/>\n<meta property=\"og:title\" content=\"Visitas Guiadas a Capilla Real y Catedral | Walk In Granada\" \/>\n<meta property=\"og:description\" content=\"Descubre dos de los monumentos m\u00e1s relevantes de Granada en estas visitas guiadas a la Capilla Real y la Catedral. \u00a1Reserva ahora!\" \/>\n<meta property=\"og:url\" content=\"https:\/\/walkingranada.com\/fr\/visites-guidees\/chapelle-royale-cathedrale\/\" \/>\n<meta property=\"og:site_name\" content=\"Walk in Granada\" \/>\n<meta property=\"article:publisher\" content=\"https:\/\/es-es.facebook.com\/walkingranadatour\/\" \/>\n<meta property=\"article:modified_time\" content=\"2023-09-21T09:39:12+00:00\" \/>\n<meta property=\"og:image\" content=\"https:\/\/walkingranada.com\/wp-content\/uploads\/2023\/01\/alhambra_palacio-1.webp\" \/>\n\t<meta property=\"og:image:width\" content=\"711\" \/>\n\t<meta property=\"og:image:height\" content=\"627\" \/>\n\t<meta property=\"og:image:type\" content=\"image\/webp\" \/>\n<meta name=\"twitter:card\" content=\"summary_large_image\" \/>\n<meta name=\"twitter:image\" content=\"https:\/\/walkingranada.com\/wp-content\/uploads\/2023\/01\/alhambra_palacio-1.webp\" \/>\n<meta name=\"twitter:site\" content=\"@walkingranada\" \/>\n<meta name=\"twitter:label1\" content=\"Dur\u00e9e de lecture estim\u00e9e\" \/>\n\t<meta name=\"twitter:data1\" content=\"8 minutes\" \/>\n<script type=\"application\/ld+json\" class=\"yoast-schema-graph\">{\"@context\":\"https:\\\/\\\/schema.org\",\"@graph\":[{\"@type\":\"WebPage\",\"@id\":\"https:\\\/\\\/walkingranada.com\\\/fr\\\/visites-guidees\\\/chapelle-royale-cathedrale\\\/\",\"url\":\"https:\\\/\\\/walkingranada.com\\\/fr\\\/visites-guidees\\\/chapelle-royale-cathedrale\\\/\",\"name\":\"Visitas Guiadas a Capilla Real y Catedral | Walk In Granada\",\"isPartOf\":{\"@id\":\"https:\\\/\\\/walkingranada.com\\\/#website\"},\"primaryImageOfPage\":{\"@id\":\"https:\\\/\\\/walkingranada.com\\\/fr\\\/visites-guidees\\\/chapelle-royale-cathedrale\\\/#primaryimage\"},\"image\":{\"@id\":\"https:\\\/\\\/walkingranada.com\\\/fr\\\/visites-guidees\\\/chapelle-royale-cathedrale\\\/#primaryimage\"},\"thumbnailUrl\":\"https:\\\/\\\/walkingranada.com\\\/wp-content\\\/uploads\\\/2023\\\/01\\\/Esencial-tour.webp\",\"datePublished\":\"2023-06-19T11:54:39+00:00\",\"dateModified\":\"2023-09-21T09:39:12+00:00\",\"description\":\"Descubre dos de los monumentos m\u00e1s relevantes de Granada en estas visitas guiadas a la Capilla Real y la Catedral. \u00a1Reserva ahora!\",\"breadcrumb\":{\"@id\":\"https:\\\/\\\/walkingranada.com\\\/fr\\\/visites-guidees\\\/chapelle-royale-cathedrale\\\/#breadcrumb\"},\"inLanguage\":\"fr-FR\",\"potentialAction\":[{\"@type\":\"ReadAction\",\"target\":[\"https:\\\/\\\/walkingranada.com\\\/fr\\\/visites-guidees\\\/chapelle-royale-cathedrale\\\/\"]}]},{\"@type\":\"ImageObject\",\"inLanguage\":\"fr-FR\",\"@id\":\"https:\\\/\\\/walkingranada.com\\\/fr\\\/visites-guidees\\\/chapelle-royale-cathedrale\\\/#primaryimage\",\"url\":\"https:\\\/\\\/walkingranada.com\\\/wp-content\\\/uploads\\\/2023\\\/01\\\/Esencial-tour.webp\",\"contentUrl\":\"https:\\\/\\\/walkingranada.com\\\/wp-content\\\/uploads\\\/2023\\\/01\\\/Esencial-tour.webp\"},{\"@type\":\"BreadcrumbList\",\"@id\":\"https:\\\/\\\/walkingranada.com\\\/fr\\\/visites-guidees\\\/chapelle-royale-cathedrale\\\/#breadcrumb\",\"itemListElement\":[{\"@type\":\"ListItem\",\"position\":1,\"name\":\"Portada\",\"item\":\"https:\\\/\\\/walkingranada.com\\\/\"},{\"@type\":\"ListItem\",\"position\":2,\"name\":\"Visitas guiadas\",\"item\":\"https:\\\/\\\/walkingranada.com\\\/visitas-guiadas\\\/\"},{\"@type\":\"ListItem\",\"position\":3,\"name\":\"Capilla Real y Catedral\"}]},{\"@type\":\"WebSite\",\"@id\":\"https:\\\/\\\/walkingranada.com\\\/#website\",\"url\":\"https:\\\/\\\/walkingranada.com\\\/\",\"name\":\"Walk in Granada\",\"description\":\"Turismo responsable\",\"publisher\":{\"@id\":\"https:\\\/\\\/walkingranada.com\\\/#organization\"},\"alternateName\":\"Walk in Granada\",\"potentialAction\":[{\"@type\":\"SearchAction\",\"target\":{\"@type\":\"EntryPoint\",\"urlTemplate\":\"https:\\\/\\\/walkingranada.com\\\/?s={search_term_string}\"},\"query-input\":{\"@type\":\"PropertyValueSpecification\",\"valueRequired\":true,\"valueName\":\"search_term_string\"}}],\"inLanguage\":\"fr-FR\"},{\"@type\":\"Organization\",\"@id\":\"https:\\\/\\\/walkingranada.com\\\/#organization\",\"name\":\"Walk In Granada\",\"alternateName\":\"Walk In Granada\",\"url\":\"https:\\\/\\\/walkingranada.com\\\/\",\"logo\":{\"@type\":\"ImageObject\",\"inLanguage\":\"fr-FR\",\"@id\":\"https:\\\/\\\/walkingranada.com\\\/#\\\/schema\\\/logo\\\/image\\\/\",\"url\":\"https:\\\/\\\/walkingranada.com\\\/wp-content\\\/uploads\\\/2022\\\/12\\\/Logo-Walking.webp\",\"contentUrl\":\"https:\\\/\\\/walkingranada.com\\\/wp-content\\\/uploads\\\/2022\\\/12\\\/Logo-Walking.webp\",\"width\":512,\"height\":512,\"caption\":\"Walk In Granada\"},\"image\":{\"@id\":\"https:\\\/\\\/walkingranada.com\\\/#\\\/schema\\\/logo\\\/image\\\/\"},\"sameAs\":[\"https:\\\/\\\/es-es.facebook.com\\\/walkingranadatour\\\/\",\"https:\\\/\\\/x.com\\\/walkingranada\",\"https:\\\/\\\/www.instagram.com\\\/walkingranada\\\/\"]}]}<\/script>\n<!-- \/ Yoast SEO plugin. -->","yoast_head_json":{"title":"Visites guid\u00e9es de la Chapelle Royale et de la Cath\u00e9drale | Walk In Granada","description":"D\u00e9couvrez deux des monuments les plus importants de Grenade lors de ces visites guid\u00e9es de la Chapelle Royale et de la Cath\u00e9drale. R\u00e9servez maintenant !","robots":{"index":"index","follow":"follow","max-snippet":"max-snippet:-1","max-image-preview":"max-image-preview:large","max-video-preview":"max-video-preview:-1"},"canonical":"https:\/\/walkingranada.com\/fr\/visites-guidees\/chapelle-royale-cathedrale\/","og_locale":"fr_FR","og_type":"article","og_title":"Visitas Guiadas a Capilla Real y Catedral | Walk In Granada","og_description":"Descubre dos de los monumentos m\u00e1s relevantes de Granada en estas visitas guiadas a la Capilla Real y la Catedral. \u00a1Reserva ahora!","og_url":"https:\/\/walkingranada.com\/fr\/visites-guidees\/chapelle-royale-cathedrale\/","og_site_name":"Walk in Granada","article_publisher":"https:\/\/es-es.facebook.com\/walkingranadatour\/","article_modified_time":"2023-09-21T09:39:12+00:00","og_image":[{"width":711,"height":627,"url":"https:\/\/walkingranada.com\/wp-content\/uploads\/2023\/01\/alhambra_palacio-1.webp","type":"image\/webp"}],"twitter_card":"summary_large_image","twitter_image":"https:\/\/walkingranada.com\/wp-content\/uploads\/2023\/01\/alhambra_palacio-1.webp","twitter_site":"@walkingranada","twitter_misc":{"Dur\u00e9e de lecture estim\u00e9e":"8 minutes"},"schema":{"@context":"https:\/\/schema.org","@graph":[{"@type":"WebPage","@id":"https:\/\/walkingranada.com\/fr\/visites-guidees\/chapelle-royale-cathedrale\/","url":"https:\/\/walkingranada.com\/fr\/visites-guidees\/chapelle-royale-cathedrale\/","name":"Visites guid\u00e9es de la Chapelle Royale et de la Cath\u00e9drale | Walk In Granada","isPartOf":{"@id":"https:\/\/walkingranada.com\/#website"},"primaryImageOfPage":{"@id":"https:\/\/walkingranada.com\/fr\/visites-guidees\/chapelle-royale-cathedrale\/#primaryimage"},"image":{"@id":"https:\/\/walkingranada.com\/fr\/visites-guidees\/chapelle-royale-cathedrale\/#primaryimage"},"thumbnailUrl":"https:\/\/walkingranada.com\/wp-content\/uploads\/2023\/01\/Esencial-tour.webp","datePublished":"2023-06-19T11:54:39+00:00","dateModified":"2023-09-21T09:39:12+00:00","description":"D\u00e9couvrez deux des monuments les plus importants de Grenade lors de ces visites guid\u00e9es de la Chapelle Royale et de la Cath\u00e9drale. R\u00e9servez maintenant !","breadcrumb":{"@id":"https:\/\/walkingranada.com\/fr\/visites-guidees\/chapelle-royale-cathedrale\/#breadcrumb"},"inLanguage":"fr-FR","potentialAction":[{"@type":"ReadAction","target":["https:\/\/walkingranada.com\/fr\/visites-guidees\/chapelle-royale-cathedrale\/"]}]},{"@type":"ImageObject","inLanguage":"fr-FR","@id":"https:\/\/walkingranada.com\/fr\/visites-guidees\/chapelle-royale-cathedrale\/#primaryimage","url":"https:\/\/walkingranada.com\/wp-content\/uploads\/2023\/01\/Esencial-tour.webp","contentUrl":"https:\/\/walkingranada.com\/wp-content\/uploads\/2023\/01\/Esencial-tour.webp"},{"@type":"BreadcrumbList","@id":"https:\/\/walkingranada.com\/fr\/visites-guidees\/chapelle-royale-cathedrale\/#breadcrumb","itemListElement":[{"@type":"ListItem","position":1,"name":"Portada","item":"https:\/\/walkingranada.com\/"},{"@type":"ListItem","position":2,"name":"Visitas guiadas","item":"https:\/\/walkingranada.com\/visitas-guiadas\/"},{"@type":"ListItem","position":3,"name":"Capilla Real y Catedral"}]},{"@type":"WebSite","@id":"https:\/\/walkingranada.com\/#website","url":"https:\/\/walkingranada.com\/","name":"Walk in Granada","description":"Turismo responsable","publisher":{"@id":"https:\/\/walkingranada.com\/#organization"},"alternateName":"Walk in Granada","potentialAction":[{"@type":"SearchAction","target":{"@type":"EntryPoint","urlTemplate":"https:\/\/walkingranada.com\/?s={search_term_string}"},"query-input":{"@type":"PropertyValueSpecification","valueRequired":true,"valueName":"search_term_string"}}],"inLanguage":"fr-FR"},{"@type":"Organization","@id":"https:\/\/walkingranada.com\/#organization","name":"Walk In Granada","alternateName":"Walk In Granada","url":"https:\/\/walkingranada.com\/","logo":{"@type":"ImageObject","inLanguage":"fr-FR","@id":"https:\/\/walkingranada.com\/#\/schema\/logo\/image\/","url":"https:\/\/walkingranada.com\/wp-content\/uploads\/2022\/12\/Logo-Walking.webp","contentUrl":"https:\/\/walkingranada.com\/wp-content\/uploads\/2022\/12\/Logo-Walking.webp","width":512,"height":512,"caption":"Walk In Granada"},"image":{"@id":"https:\/\/walkingranada.com\/#\/schema\/logo\/image\/"},"sameAs":["https:\/\/es-es.facebook.com\/walkingranadatour\/","https:\/\/x.com\/walkingranada","https:\/\/www.instagram.com\/walkingranada\/"]}]}},"_links":{"self":[{"href":"https:\/\/walkingranada.com\/fr\/wp-json\/wp\/v2\/pages\/4327","targetHints":{"allow":["GET"]}}],"collection":[{"href":"https:\/\/walkingranada.com\/fr\/wp-json\/wp\/v2\/pages"}],"about":[{"href":"https:\/\/walkingranada.com\/fr\/wp-json\/wp\/v2\/types\/page"}],"author":[{"embeddable":true,"href":"https:\/\/walkingranada.com\/fr\/wp-json\/wp\/v2\/users\/2"}],"replies":[{"embeddable":true,"href":"https:\/\/walkingranada.com\/fr\/wp-json\/wp\/v2\/comments?post=4327"}],"version-history":[{"count":1,"href":"https:\/\/walkingranada.com\/fr\/wp-json\/wp\/v2\/pages\/4327\/revisions"}],"predecessor-version":[{"id":4448,"href":"https:\/\/walkingranada.com\/fr\/wp-json\/wp\/v2\/pages\/4327\/revisions\/4448"}],"up":[{"embeddable":true,"href":"https:\/\/walkingranada.com\/fr\/wp-json\/wp\/v2\/pages\/94"}],"wp:attachment":[{"href":"https:\/\/walkingranada.com\/fr\/wp-json\/wp\/v2\/media?parent=4327"}],"curies":[{"name":"wp","href":"https:\/\/api.w.org\/{rel}","templated":true}]}}