{"id":4142,"date":"2023-05-18T10:38:41","date_gmt":"2023-05-18T10:38:41","guid":{"rendered":"https:\/\/walkingranada.com\/?page_id=4142"},"modified":"2024-11-11T16:21:43","modified_gmt":"2024-11-11T16:21:43","slug":"cathedrale-chapelle-royale-groupe","status":"publish","type":"page","link":"https:\/\/walkingranada.com\/fr\/visitas-guiadas\/catedral-capilla-real-grupo\/","title":{"rendered":"Visite en groupe Chapelle Royale &amp; Cath\u00e9drale"},"content":{"rendered":"<p>Visite en groupe &gt; CHAPELLE REAL et Cath\u00e9drale<\/p>\n<h1>\n\t\tVISITE EN GROUPE DE LA CHAPELLE ROYALE ET DE LA CATH\u00c9DRALE\n\t<\/h1>\n        <a href=\"#encuentro\">\n            <img decoding=\"async\" loading=\"lazy\" src=\"https:\/\/walkingranada.com\/wp-content\/uploads\/2022\/10\/fi-rr-marker.png\" alt=\"Plaza nueva\"\/>\n            <p>Place Villamena 5, local 1-2 <img decoding=\"async\" loading=\"lazy\" src=\"https:\/\/walkingranada.com\/wp-content\/uploads\/2022\/10\/\ud83e\udd86-icon-_Info-Circle_.png\" alt=\"informaci\u00f3n\"\/><\/p>\n        <\/a>\n        <img decoding=\"async\" loading=\"lazy\" src=\"https:\/\/walkingranada.com\/wp-content\/uploads\/2022\/12\/guia-tour.png\" alt=\"Busca a nuestro gu\u00eda\"\/>\n        <p>Magasin \u00c1bside<\/p>\n        <img decoding=\"async\" loading=\"lazy\" src=\"https:\/\/walkingranada.com\/wp-content\/uploads\/2022\/10\/fi-rr-chat-arrow-grow.png\" alt=\"Difficult\u00e9 basse\"\/>\n        <p>Difficult\u00e9 basse<\/p>\n        <img decoding=\"async\" loading=\"lazy\" src=\"https:\/\/walkingranada.com\/wp-content\/uploads\/2022\/10\/fi-rr-map.png\" alt=\"Quartier historique\"\/>\n        <p>Monuments<\/p>\n        <img decoding=\"async\" loading=\"lazy\" src=\"https:\/\/walkingranada.com\/wp-content\/uploads\/2022\/12\/accesibilidad_.png\" alt=\"Accessibilit\u00e9 limit\u00e9e\"\/>\n        <p>Accessibilit\u00e9 limit\u00e9e<\/p>\n        <img decoding=\"async\" loading=\"lazy\" src=\"https:\/\/walkingranada.com\/wp-content\/uploads\/2022\/10\/fi-rr-calendar.png\" alt=\"TODOS LOS DIAS\"\/>\n        <p>Tous les jours<\/p>\n        <img decoding=\"async\" loading=\"lazy\" src=\"https:\/\/walkingranada.com\/wp-content\/uploads\/2022\/10\/fi-rr-clock.png\" alt=\"horario Seg\u00fan disponibilidad\"\/>\n        <p>10:00<\/p>\n        <img decoding=\"async\" loading=\"lazy\" src=\"https:\/\/walkingranada.com\/wp-content\/uploads\/2022\/10\/fi-rr-alarm-clock.png\" alt=\"2,5 HEURES\"\/>\n        <p>2 heures<\/p>\n        <img decoding=\"async\" loading=\"lazy\" src=\"https:\/\/walkingranada.com\/wp-content\/uploads\/2022\/10\/fi-rr-receipt.png\" alt=\"TU PONES EL PRECIO\"\/>\n        <p>\u00c0 partir de 33\u20ac\/adulte \u00c0 partir de 10\u20ac\/Enfants de moins de 12 ans<\/p>\n        <img decoding=\"async\" loading=\"lazy\" src=\"https:\/\/walkingranada.com\/wp-content\/uploads\/2022\/10\/fi-rr-comments.png\" alt=\"Espagnol\"\/>\n        <p>Espagnol \/ Anglais \/ Fran\u00e7ais<\/p>\n<h2>\n\t\tD\u00e9couvrez les deux \u00e9difices embl\u00e9matiques des Rois Catholiques\n\t<\/h2>\n\t<p class=\"translation-block\">La <strong>Cath\u00e9drale de Grenade<\/strong> et la <strong>Chapelle Royal<\/strong> sont deux b\u00e2timents qui annoncent la christianisation de la ville et symbolisent les <strong>Rois Catholiques<\/strong>, car tous deux ont \u00e9t\u00e9 command\u00e9s par les monarques apr\u00e8s la conqu\u00eate de la ville.<\/p>\n<p class=\"translation-block\">D\u00e9couvrez la <strong>Cath\u00e9drale et la Chapelle Royale de Grenade<\/strong> lors d'une visite guid\u00e9e en petit groupe avec un guide officiel. Avec cette visite, vous aurez acc\u00e8s \u00e0 l'ensemble du monument : la cath\u00e9drale, la chapelle royale, le mausol\u00e9e des Rois catholiques et certains de leurs descendants.<\/p>\n<h2>\n\t\tPoint de rencontre\n\t<\/h2>\n\t\t\t\t<img decoding=\"async\" loading=\"lazy\" src=\"https:\/\/walkingranada.com\/wp-content\/uploads\/2023\/05\/Punto-de-encuentro-visita-capilla-real-y-catedral.jpg.webp\" alt=\"Tienda \u00e1bside en Granada\" itemprop=\"image\" height=\"734\" width=\"1269\" title=\"Punto de encuentro visita capilla real y catedral\" onerror=\"this.style.display='none'\"  \/>\n<h3>\n\t\tTienda de \u00c1bside en Plaza de Villamena\n\t<\/h3>\n\t<p>Avez-vous besoin d'indications pour vous y rendre ?<\/p>\n\t\t\t<a href=\"#reserva\" target=\"_self\" rel=\"noopener\">\n\t\t\t\t\t\t\tR\u00e9server &gt;\n\t\t\t\t\t<\/a>\n\t\t\t<a href=\"https:\/\/walkingranada.com\/fr\/comment-acceder-a-plaza-nueva\/\" target=\"_self\" rel=\"noopener\">\n\t\t\t\t\t\t\tComment s'y rendre ? &gt;\n\t\t\t\t\t<\/a>\n<h2>\n\t\tRecommandations\n\t<\/h2>\n\t<ol>\n<li class=\"translation-block\">Arrivez <strong>20 minutes en avance<\/strong> avant l'heure de d\u00e9but de la visite.<\/li>\n<li class=\"translation-block\">Portez des <strong>chaussures confortables<\/strong>. La visite dure 2 heures.<\/li>\n<li>En \u00e9t\u00e9, pensez \u00e0 utiliser de la\u00a0<strong>cr\u00e8me solaire et \u00e0 emporter une bouteille d'eau<\/strong>.<\/li>\n<\/ol>\n<h2>\n\t\tItin\u00e9raire\n\t<\/h2>\n\t<ul>\n<li>Cath\u00e9drale<\/li>\n<li>Chapelle Royale<\/li>\n<li>Alcaicer\u00eda<\/li>\n<\/ul>\n\t<p>Cette visite vous permettra de conna\u00eetre la figure des monarques catholiques, o\u00f9 reposent leurs d\u00e9pouilles mortelles, la cath\u00e9drale, pi\u00e8ce ma\u00eetresse de l'art puriste de la P\u00e9ninsule et la partie chr\u00e9tienne de la ville. Vous comprendrez pourquoi Isabelle et Ferdinand ont jou\u00e9 un r\u00f4le important dans la christianisation de la ville et dans la transformation de Grenade vers la modernit\u00e9.<\/p>\n<h2>\n\t\tTambi\u00e9n puedes reservar nuestras otras visitas guiadas&#8230;\n\t<\/h2>\n\t<section>\n            <img decoding=\"async\" loading=\"lazy\" src=\"https:\/\/walkingranada.com\/wp-content\/uploads\/2023\/01\/Jardines-card-walkin.webp\" width=\"100%\" alt=\"Visite priv\u00e9e de l\u2019Alhambra\"\/>\n                <h3>Visite priv\u00e9e de l\u2019Alhambra<\/h3>\n                <hr \/>\n                <p>Si vous voulez visiter l\u2019Alhambra avec un guide d\u00e9di\u00e9 seulement \u00e0 vous et votre famille\/vos amis<\/p>\n                <hr \/>\n                    <p> Tous les jours<\/p>\n                    <p> Heures du site<\/p>\n                    <p> 3h<\/p>\n                    \u00c0 partir de\n                    <p>40\u20ac<\/p>\/pax\n            <a href=\"https:\/\/walkingranada.com\/fr\/alhambra\/visite-privee\/\">R\u00e9server &gt;<\/a>\n            <img decoding=\"async\" loading=\"lazy\" src=\"https:\/\/walkingranada.com\/wp-content\/uploads\/2023\/01\/Alhambra-card-walkin.webp\" width=\"100%\" alt=\"Visita con entrada a la alhambra y generalife\"\/>\n                <h3>Visite guid\u00e9e avec entr\u00e9e \u00e0 l\u2019Alhambra et Generalife<\/h3>\n                <hr \/>\n                <p>Entrez dans la ville palatine de l'Alhambra et ses jardins impressionnants.<\/p>\n                <hr \/>\n                    <p> Tous les jours<\/p>\n                    <p> Heures du site<\/p>\n                    <p> 3h<\/p>\n                    \u00c0 partir de\n                    <p>49\u20ac<\/p>\/pax\n            <a href=\"https:\/\/walkingranada.com\/fr\/alhambra\/visite-guidee-avec-entree-alhambra\/\">R\u00e9server &gt;<\/a>\n        <img decoding=\"async\" loading=\"lazy\" src=\"https:\/\/walkingranada.com\/wp-content\/uploads\/2023\/01\/visita-albaicin-card.webp\" width=\"100%\" alt=\"Visita guiada al albaic\u00edn\"\/>\n            <h3>Visite guid\u00e9e du <br \/>Albaic\u00edn<\/h3>\n            <hr \/>\n            <p>D\u00e9couvrez l'ancien quartier musulman de la ville de Grenade avec cette visite sp\u00e9ciale.<\/p>\n            <hr \/>\n                <p> Tous les jours<\/p>\n                <p> Demandez-nous<\/p>\n                <p> 2,5h<\/p>\n                    \u00c0 partir de\n                    <p>8\u20ac<\/p>\/pax\n        <a href=\"https:\/\/walkingranada.com\/fr\/visites-guidees\/albaicin\/\">R\u00e9server &gt;<\/a>\n        <img decoding=\"async\" loading=\"lazy\" src=\"https:\/\/walkingranada.com\/wp-content\/uploads\/2023\/01\/Card-Sacromonte.webp\" width=\"100%\" alt=\"Visita guiada al sacromonte\"\/>\n            <h3>Visite guid\u00e9e du Sacromonte<\/h3>\n            <hr \/>\n            D\u00e9couvrez le quartier avec le plus de gobelins de Grenade. Ceci est une visite pour les amateurs de photographie.\n            <hr \/>\n                <p> Tous les jours<\/p>\n                <p> Demandez-nous<\/p>\n                <p> 2,5h<\/p>\n                    \u00c0 partir de\n                    <p>8\u20ac<\/p>\/pax\n        <a href=\"https:\/\/walkingranada.com\/fr\/visites-guidees\/sacromonte\/\">R\u00e9server &gt;<\/a>\n<\/section>\n<h2>\n\t\tTambi\u00e9n puedes reservar nuestros otros servicios&#8230;\n\t<\/h2>\n\t<a href=\"https:\/\/walkingranada.com\/fr\/que-faire-a-granada\/flamenco\/\" target=\"_self\" rel=\"noopener\"><\/a>\t\t\t<img decoding=\"async\" loading=\"lazy\" alt=\"bailaora flamenca\" src=\"https:\/\/walkingranada.com\/wp-content\/uploads\/2022\/10\/Rectangle-42.png\"\/>\n\t\t<h3>Flamenco<\/h3>\n\t<a href=\"https:\/\/walkingranada.com\/fr\/que-faire-a-granada\/hammam-al-andalus\/\" target=\"_self\" rel=\"noopener\"><\/a>\t\t\t<img decoding=\"async\" loading=\"lazy\" alt=\"ba\u00f1os \u00e1rabes\" src=\"https:\/\/walkingranada.com\/wp-content\/uploads\/2022\/10\/Rectangle-43.png\"\/>\n\t\t<h3>Hammam <br \/>Al-\u00e1ndalus<\/h3>\n\t<a href=\"https:\/\/walkingranada.com\/fr\/que-faire-a-granada\/excursions\/\" target=\"_self\" rel=\"noopener\"><\/a>\t\t\t<img decoding=\"async\" loading=\"lazy\" alt=\"mezquita de c\u00f3rdoba\" src=\"https:\/\/walkingranada.com\/wp-content\/uploads\/2022\/10\/Rectangle-45.png\"\/>\n\t\t<h3>excursions <br \/>d\u2019une journ\u00e9e<\/h3>\n\t<a href=\"https:\/\/walkingranada.com\/fr\/que-faire-a-granada\/route-olfactif\/\" target=\"_self\" rel=\"noopener\"><\/a>\t\t\t<img decoding=\"async\" loading=\"lazy\" alt=\"imagen de una chica joven\" src=\"https:\/\/walkingranada.com\/wp-content\/uploads\/2022\/10\/Rectangle-38.png\"\/>\n\t\t<h3>Route olfactif<\/h3>","protected":false},"excerpt":{"rendered":"<p>Visita EN GRUPO &gt;\u00a0 CAPILLA REAL Y CATEDRAL VISITA EN GRUPO CAPILLA REAL Y CATEDRAL Plaza Villamena 5, local 1-2 Tienda \u00c1bside Dificultad baja Monumentos Accesibilidad limitada Todos los d\u00edas 10:00 2 horas Desde 33\u20ac\/adulto Desde 10\u20ac\/Ni\u00f1os menores de 12 a\u00f1os CASTELLANO, INGL\u00c9S, FRANC\u00c9S Descubre los dos edificios emblem\u00e1ticos de los Reyes Cat\u00f3licos La Catedral &#8230; <a title=\"Visite en groupe Chapelle Royale &amp; Cath\u00e9drale\" class=\"read-more\" href=\"https:\/\/walkingranada.com\/fr\/visitas-guiadas\/catedral-capilla-real-grupo\/\" aria-label=\"En savoir plus sur Capilla Real y Catedral en Grupo\">Lire la suite<\/a><\/p>","protected":false},"author":2,"featured_media":2542,"parent":94,"menu_order":0,"comment_status":"closed","ping_status":"closed","template":"","meta":{"footnotes":""},"class_list":["post-4142","page","type-page","status-publish","has-post-thumbnail"],"yoast_head":"<!-- This site is optimized with the Yoast SEO plugin v27.5 - https:\/\/yoast.com\/product\/yoast-seo-wordpress\/ -->\n<title>Visita Guiada Capilla Real y Catedral en Grupo - Walk in Granada<\/title>\n<meta name=\"description\" content=\"Visita la Capilla Real y la Catedral de Granada en grupo y descubre los dos s\u00edmbolos de los Reyes Cat\u00f3licos tras la conquista de la ciudad.\" \/>\n<meta name=\"robots\" content=\"index, follow, max-snippet:-1, max-image-preview:large, max-video-preview:-1\" \/>\n<link rel=\"canonical\" href=\"https:\/\/walkingranada.com\/fr\/visites-guidees\/cathedrale-chapelle-royale-groupe\/\" \/>\n<meta property=\"og:locale\" content=\"fr_FR\" \/>\n<meta property=\"og:type\" content=\"article\" \/>\n<meta property=\"og:title\" content=\"Visita Guiada Capilla Real y Catedral en Grupo - Walk in Granada\" \/>\n<meta property=\"og:description\" content=\"Visita la Capilla Real y la Catedral de Granada en grupo y descubre los dos s\u00edmbolos de los Reyes Cat\u00f3licos tras la conquista de la ciudad.\" \/>\n<meta property=\"og:url\" content=\"https:\/\/walkingranada.com\/fr\/visites-guidees\/cathedrale-chapelle-royale-groupe\/\" \/>\n<meta property=\"og:site_name\" content=\"Walk in Granada\" \/>\n<meta property=\"article:publisher\" content=\"https:\/\/es-es.facebook.com\/walkingranadatour\/\" \/>\n<meta property=\"article:modified_time\" content=\"2024-11-11T16:21:43+00:00\" \/>\n<meta property=\"og:image\" content=\"https:\/\/walkingranada.com\/wp-content\/uploads\/2023\/01\/Capilla-Real.webp\" \/>\n\t<meta property=\"og:image:width\" content=\"305\" \/>\n\t<meta property=\"og:image:height\" content=\"305\" \/>\n\t<meta property=\"og:image:type\" content=\"image\/webp\" \/>\n<meta name=\"twitter:card\" content=\"summary_large_image\" \/>\n<meta name=\"twitter:site\" content=\"@walkingranada\" \/>\n<meta name=\"twitter:label1\" content=\"Dur\u00e9e de lecture estim\u00e9e\" \/>\n\t<meta name=\"twitter:data1\" content=\"8 minutes\" \/>\n<script type=\"application\/ld+json\" class=\"yoast-schema-graph\">{\"@context\":\"https:\\\/\\\/schema.org\",\"@graph\":[{\"@type\":\"WebPage\",\"@id\":\"https:\\\/\\\/walkingranada.com\\\/visitas-guiadas\\\/catedral-capilla-real-grupo\\\/\",\"url\":\"https:\\\/\\\/walkingranada.com\\\/visitas-guiadas\\\/catedral-capilla-real-grupo\\\/\",\"name\":\"Visita Guiada Capilla Real y Catedral en Grupo - Walk in Granada\",\"isPartOf\":{\"@id\":\"https:\\\/\\\/walkingranada.com\\\/#website\"},\"primaryImageOfPage\":{\"@id\":\"https:\\\/\\\/walkingranada.com\\\/visitas-guiadas\\\/catedral-capilla-real-grupo\\\/#primaryimage\"},\"image\":{\"@id\":\"https:\\\/\\\/walkingranada.com\\\/visitas-guiadas\\\/catedral-capilla-real-grupo\\\/#primaryimage\"},\"thumbnailUrl\":\"https:\\\/\\\/walkingranada.com\\\/wp-content\\\/uploads\\\/2023\\\/01\\\/Capilla-Real.webp\",\"datePublished\":\"2023-05-18T10:38:41+00:00\",\"dateModified\":\"2024-11-11T16:21:43+00:00\",\"description\":\"Visita la Capilla Real y la Catedral de Granada en grupo y descubre los dos s\u00edmbolos de los Reyes Cat\u00f3licos tras la conquista de la ciudad.\",\"breadcrumb\":{\"@id\":\"https:\\\/\\\/walkingranada.com\\\/visitas-guiadas\\\/catedral-capilla-real-grupo\\\/#breadcrumb\"},\"inLanguage\":\"fr-FR\",\"potentialAction\":[{\"@type\":\"ReadAction\",\"target\":[\"https:\\\/\\\/walkingranada.com\\\/visitas-guiadas\\\/catedral-capilla-real-grupo\\\/\"]}]},{\"@type\":\"ImageObject\",\"inLanguage\":\"fr-FR\",\"@id\":\"https:\\\/\\\/walkingranada.com\\\/visitas-guiadas\\\/catedral-capilla-real-grupo\\\/#primaryimage\",\"url\":\"https:\\\/\\\/walkingranada.com\\\/wp-content\\\/uploads\\\/2023\\\/01\\\/Capilla-Real.webp\",\"contentUrl\":\"https:\\\/\\\/walkingranada.com\\\/wp-content\\\/uploads\\\/2023\\\/01\\\/Capilla-Real.webp\",\"width\":305,\"height\":305,\"caption\":\"Capilla Real\"},{\"@type\":\"BreadcrumbList\",\"@id\":\"https:\\\/\\\/walkingranada.com\\\/visitas-guiadas\\\/catedral-capilla-real-grupo\\\/#breadcrumb\",\"itemListElement\":[{\"@type\":\"ListItem\",\"position\":1,\"name\":\"Portada\",\"item\":\"https:\\\/\\\/walkingranada.com\\\/\"},{\"@type\":\"ListItem\",\"position\":2,\"name\":\"Visitas guiadas\",\"item\":\"https:\\\/\\\/walkingranada.com\\\/visitas-guiadas\\\/\"},{\"@type\":\"ListItem\",\"position\":3,\"name\":\"Capilla Real y Catedral en Grupo\"}]},{\"@type\":\"WebSite\",\"@id\":\"https:\\\/\\\/walkingranada.com\\\/#website\",\"url\":\"https:\\\/\\\/walkingranada.com\\\/\",\"name\":\"Walk in Granada\",\"description\":\"Turismo responsable\",\"publisher\":{\"@id\":\"https:\\\/\\\/walkingranada.com\\\/#organization\"},\"alternateName\":\"Walk in Granada\",\"potentialAction\":[{\"@type\":\"SearchAction\",\"target\":{\"@type\":\"EntryPoint\",\"urlTemplate\":\"https:\\\/\\\/walkingranada.com\\\/?s={search_term_string}\"},\"query-input\":{\"@type\":\"PropertyValueSpecification\",\"valueRequired\":true,\"valueName\":\"search_term_string\"}}],\"inLanguage\":\"fr-FR\"},{\"@type\":\"Organization\",\"@id\":\"https:\\\/\\\/walkingranada.com\\\/#organization\",\"name\":\"Walk In Granada\",\"alternateName\":\"Walk In Granada\",\"url\":\"https:\\\/\\\/walkingranada.com\\\/\",\"logo\":{\"@type\":\"ImageObject\",\"inLanguage\":\"fr-FR\",\"@id\":\"https:\\\/\\\/walkingranada.com\\\/#\\\/schema\\\/logo\\\/image\\\/\",\"url\":\"https:\\\/\\\/walkingranada.com\\\/wp-content\\\/uploads\\\/2022\\\/12\\\/Logo-Walking.webp\",\"contentUrl\":\"https:\\\/\\\/walkingranada.com\\\/wp-content\\\/uploads\\\/2022\\\/12\\\/Logo-Walking.webp\",\"width\":512,\"height\":512,\"caption\":\"Walk In Granada\"},\"image\":{\"@id\":\"https:\\\/\\\/walkingranada.com\\\/#\\\/schema\\\/logo\\\/image\\\/\"},\"sameAs\":[\"https:\\\/\\\/es-es.facebook.com\\\/walkingranadatour\\\/\",\"https:\\\/\\\/x.com\\\/walkingranada\",\"https:\\\/\\\/www.instagram.com\\\/walkingranada\\\/\"]}]}<\/script>\n<!-- \/ Yoast SEO plugin. -->","yoast_head_json":{"title":"Visite en groupe de la Chapelle Royale et de la Cath\u00e9drale - Walk in Granada","description":"Visitez en groupe la Chapelle Royale et la Cath\u00e9drale de Grenade, et d\u00e9couvrez les deux symboles des Rois Catholiques apr\u00e8s la conqu\u00eate de la ville.","robots":{"index":"index","follow":"follow","max-snippet":"max-snippet:-1","max-image-preview":"max-image-preview:large","max-video-preview":"max-video-preview:-1"},"canonical":"https:\/\/walkingranada.com\/fr\/visites-guidees\/cathedrale-chapelle-royale-groupe\/","og_locale":"fr_FR","og_type":"article","og_title":"Visita Guiada Capilla Real y Catedral en Grupo - Walk in Granada","og_description":"Visita la Capilla Real y la Catedral de Granada en grupo y descubre los dos s\u00edmbolos de los Reyes Cat\u00f3licos tras la conquista de la ciudad.","og_url":"https:\/\/walkingranada.com\/fr\/visites-guidees\/cathedrale-chapelle-royale-groupe\/","og_site_name":"Walk in Granada","article_publisher":"https:\/\/es-es.facebook.com\/walkingranadatour\/","article_modified_time":"2024-11-11T16:21:43+00:00","og_image":[{"width":305,"height":305,"url":"https:\/\/walkingranada.com\/wp-content\/uploads\/2023\/01\/Capilla-Real.webp","type":"image\/webp"}],"twitter_card":"summary_large_image","twitter_site":"@walkingranada","twitter_misc":{"Dur\u00e9e de lecture estim\u00e9e":"8 minutes"},"schema":{"@context":"https:\/\/schema.org","@graph":[{"@type":"WebPage","@id":"https:\/\/walkingranada.com\/visitas-guiadas\/catedral-capilla-real-grupo\/","url":"https:\/\/walkingranada.com\/visitas-guiadas\/catedral-capilla-real-grupo\/","name":"Visite en groupe de la Chapelle Royale et de la Cath\u00e9drale - Walk in Granada","isPartOf":{"@id":"https:\/\/walkingranada.com\/#website"},"primaryImageOfPage":{"@id":"https:\/\/walkingranada.com\/visitas-guiadas\/catedral-capilla-real-grupo\/#primaryimage"},"image":{"@id":"https:\/\/walkingranada.com\/visitas-guiadas\/catedral-capilla-real-grupo\/#primaryimage"},"thumbnailUrl":"https:\/\/walkingranada.com\/wp-content\/uploads\/2023\/01\/Capilla-Real.webp","datePublished":"2023-05-18T10:38:41+00:00","dateModified":"2024-11-11T16:21:43+00:00","description":"Visitez en groupe la Chapelle Royale et la Cath\u00e9drale de Grenade, et d\u00e9couvrez les deux symboles des Rois Catholiques apr\u00e8s la conqu\u00eate de la ville.","breadcrumb":{"@id":"https:\/\/walkingranada.com\/visitas-guiadas\/catedral-capilla-real-grupo\/#breadcrumb"},"inLanguage":"fr-FR","potentialAction":[{"@type":"ReadAction","target":["https:\/\/walkingranada.com\/visitas-guiadas\/catedral-capilla-real-grupo\/"]}]},{"@type":"ImageObject","inLanguage":"fr-FR","@id":"https:\/\/walkingranada.com\/visitas-guiadas\/catedral-capilla-real-grupo\/#primaryimage","url":"https:\/\/walkingranada.com\/wp-content\/uploads\/2023\/01\/Capilla-Real.webp","contentUrl":"https:\/\/walkingranada.com\/wp-content\/uploads\/2023\/01\/Capilla-Real.webp","width":305,"height":305,"caption":"Capilla Real"},{"@type":"BreadcrumbList","@id":"https:\/\/walkingranada.com\/visitas-guiadas\/catedral-capilla-real-grupo\/#breadcrumb","itemListElement":[{"@type":"ListItem","position":1,"name":"Portada","item":"https:\/\/walkingranada.com\/"},{"@type":"ListItem","position":2,"name":"Visitas guiadas","item":"https:\/\/walkingranada.com\/visitas-guiadas\/"},{"@type":"ListItem","position":3,"name":"Capilla Real y Catedral en Grupo"}]},{"@type":"WebSite","@id":"https:\/\/walkingranada.com\/#website","url":"https:\/\/walkingranada.com\/","name":"Walk in Granada","description":"Turismo responsable","publisher":{"@id":"https:\/\/walkingranada.com\/#organization"},"alternateName":"Walk in Granada","potentialAction":[{"@type":"SearchAction","target":{"@type":"EntryPoint","urlTemplate":"https:\/\/walkingranada.com\/?s={search_term_string}"},"query-input":{"@type":"PropertyValueSpecification","valueRequired":true,"valueName":"search_term_string"}}],"inLanguage":"fr-FR"},{"@type":"Organization","@id":"https:\/\/walkingranada.com\/#organization","name":"Walk In Granada","alternateName":"Walk In Granada","url":"https:\/\/walkingranada.com\/","logo":{"@type":"ImageObject","inLanguage":"fr-FR","@id":"https:\/\/walkingranada.com\/#\/schema\/logo\/image\/","url":"https:\/\/walkingranada.com\/wp-content\/uploads\/2022\/12\/Logo-Walking.webp","contentUrl":"https:\/\/walkingranada.com\/wp-content\/uploads\/2022\/12\/Logo-Walking.webp","width":512,"height":512,"caption":"Walk In Granada"},"image":{"@id":"https:\/\/walkingranada.com\/#\/schema\/logo\/image\/"},"sameAs":["https:\/\/es-es.facebook.com\/walkingranadatour\/","https:\/\/x.com\/walkingranada","https:\/\/www.instagram.com\/walkingranada\/"]}]}},"_links":{"self":[{"href":"https:\/\/walkingranada.com\/fr\/wp-json\/wp\/v2\/pages\/4142","targetHints":{"allow":["GET"]}}],"collection":[{"href":"https:\/\/walkingranada.com\/fr\/wp-json\/wp\/v2\/pages"}],"about":[{"href":"https:\/\/walkingranada.com\/fr\/wp-json\/wp\/v2\/types\/page"}],"author":[{"embeddable":true,"href":"https:\/\/walkingranada.com\/fr\/wp-json\/wp\/v2\/users\/2"}],"replies":[{"embeddable":true,"href":"https:\/\/walkingranada.com\/fr\/wp-json\/wp\/v2\/comments?post=4142"}],"version-history":[{"count":4,"href":"https:\/\/walkingranada.com\/fr\/wp-json\/wp\/v2\/pages\/4142\/revisions"}],"predecessor-version":[{"id":5234,"href":"https:\/\/walkingranada.com\/fr\/wp-json\/wp\/v2\/pages\/4142\/revisions\/5234"}],"up":[{"embeddable":true,"href":"https:\/\/walkingranada.com\/fr\/wp-json\/wp\/v2\/pages\/94"}],"wp:featuredmedia":[{"embeddable":true,"href":"https:\/\/walkingranada.com\/fr\/wp-json\/wp\/v2\/media\/2542"}],"wp:attachment":[{"href":"https:\/\/walkingranada.com\/fr\/wp-json\/wp\/v2\/media?parent=4142"}],"curies":[{"name":"wp","href":"https:\/\/api.w.org\/{rel}","templated":true}]}}