{"id":7388,"date":"2026-04-28T07:18:54","date_gmt":"2026-04-28T07:18:54","guid":{"rendered":"https:\/\/walkingranada.com\/?page_id=7388"},"modified":"2026-04-28T10:34:58","modified_gmt":"2026-04-28T10:34:58","slug":"visita-guiada-privada-adaptada-centro-historico","status":"publish","type":"page","link":"https:\/\/walkingranada.com\/en\/visitas-guiadas\/turismo-accesible\/visita-guiada-privada-adaptada-centro-historico\/","title":{"rendered":"Private adapted guided tour of the historic center"},"content":{"rendered":"<p>Turismo Accesible &gt; Centro hist\u00f3rico accesible<\/p>\n\t<!-- FareHarbor calendar of item #722023 -->\n<h1>\n\t\t\tPrivate adapted guided tour of the historic center\t<\/h1>\n        <a href=\"#encuentro\">\n            <img decoding=\"async\" loading=\"lazy\" src=\"https:\/\/walkingranada.com\/wp-content\/uploads\/2022\/10\/fi-rr-marker.png\" alt=\"Plaza nueva\"\/>\n            <p>Plaza nueva <img decoding=\"async\" loading=\"lazy\" src=\"https:\/\/walkingranada.com\/wp-content\/uploads\/2022\/10\/\ud83e\udd86-icon-_Info-Circle_.png\" alt=\"informaci\u00f3n\"\/><\/p>\n        <\/a>\n        <img decoding=\"async\" loading=\"lazy\" src=\"https:\/\/walkingranada.com\/wp-content\/uploads\/2022\/12\/fuente-icon.png\" alt=\"Main fountain of the square\"\/>\n        <p>Main fountain of the square<\/p>\n        <img decoding=\"async\" loading=\"lazy\" src=\"https:\/\/walkingranada.com\/wp-content\/uploads\/2022\/10\/fi-rr-chat-arrow-grow.png\" alt=\"Low difficulty\"\/>\n        <p>Low difficulty<\/p>\n        <img decoding=\"async\" loading=\"lazy\" src=\"https:\/\/walkingranada.com\/wp-content\/uploads\/2022\/10\/fi-rr-map.png\" alt=\"Urban area\"\/>\n        <p>Old town<\/p>\n        <img decoding=\"async\" loading=\"lazy\" src=\"https:\/\/walkingranada.com\/wp-content\/uploads\/2022\/12\/accesibilidad_.png\" alt=\"Limited accessibility\"\/>\n        <p>Accessible<\/p>\n        <img decoding=\"async\" loading=\"lazy\" src=\"https:\/\/walkingranada.com\/wp-content\/uploads\/2022\/10\/fi-rr-calendar.png\" alt=\"Every day\"\/>\n        <p>Every day<\/p>\n        <img decoding=\"async\" loading=\"lazy\" src=\"https:\/\/walkingranada.com\/wp-content\/uploads\/2022\/10\/fi-rr-clock.png\" alt=\"11:00 AM\"\/>\n        <p>According to availability<\/p>\n        <img decoding=\"async\" loading=\"lazy\" src=\"https:\/\/walkingranada.com\/wp-content\/uploads\/2022\/10\/fi-rr-alarm-clock.png\" alt=\"2,5 HOURS\"\/>\n        <p>2,5 HOURS<\/p>\n        <img decoding=\"async\" loading=\"lazy\" src=\"https:\/\/walkingranada.com\/wp-content\/uploads\/2022\/10\/fi-rr-receipt.png\" alt=\"Desde 185\u20ac\/grupo\"\/>\n        <p>Desde 185\u20ac\/grupo<\/p>\n        <img decoding=\"async\" loading=\"lazy\" src=\"https:\/\/walkingranada.com\/wp-content\/uploads\/2022\/10\/fi-rr-comments.png\" alt=\"Spanish\"\/>\n        <p>Spanish \/ English \/ French<\/p>\n<h2>\n\t\t\tGranada without barriers: history and beauty within everyone\u2019s reach\t<\/h2>\n\t<p>Discover the historic heart of Granada on a tour designed to be fully accessible for wheelchair users. Along this route, you will comfortably explore iconic landmarks such as Plaza Nueva, the Madraza, and the majestic Cathedral (exterior), without missing out on the city\u2019s rich cultural, artistic, and architectural heritage. An experience designed so nothing limits your curiosity: history, legends, and anecdotes come together in an adapted itinerary that ensures accessibility and enjoyment at every stop.<\/p>\n<h2>\n\t\t\tMeeting point\t<\/h2>\n<figure itemscope itemtype=\"https:\/\/schema.org\/ImageObject\">\n\t\t\t\t<img decoding=\"async\" src=\"https:\/\/walkingranada.com\/wp-content\/uploads\/2023\/01\/fuente-plaza-nueva.webp\" alt=\"Fuente en Plaza Nueva\" height=\"398\" width=\"711\" onerror=\"this.style.display='none'\" loading=\"lazy\" \/>\n\t<\/figure>\n<h3 class=\"translation-block\"><span class=\"fl-heading-text\">Main fountain in front of the pharmacy at <span class=\"red\">Plaza Nueva<\/span><\/span><\/h3>\n\t<p>Do you need directions to get there?<\/p>\n\t\t\t<a href=\"#reserva\"  target=\"_self\">\n\t\t\t\t\t\t\tBook &gt;\n\t\t\t\t\t<\/a>\n\t\t\t<a href=\"https:\/\/walkingranada.com\/en\/how-to-get-to-plaza-nueva\/\"  target=\"_self\">\n\t\t\t\t\t\t\tHow to get there? &gt;\n\t\t\t\t\t<\/a>\n<h2>\n\t\t\tRecommendations\t<\/h2>\n\t<ol>\n<li class=\"translation-block\">Arrive <strong>20 minutes early<\/strong> before the start time of the visit.<\/li>\n<li>Wear\u00a0<strong>comfortable shoes<\/strong>The visit lasts 3 hours.<\/li>\n<li>In summer, remember to use\u00a0<strong>sunscreen and bring a bottle of water<\/strong>.<\/li>\n<\/ol>\n<h2>\n\t\t\tItinerary\t<\/h2>\n\t<ul>\n<li>Plaza Nueva<\/li>\n<li>Madraza<\/li>\n<li>Cathedral (Outside)<\/li>\n<li>Royal Chapel (Outside)<\/li>\n<li>Bib-Rambla Square<\/li>\n<li>Alcaicer\u00eda<\/li>\n<li>Corral del Carb\u00f3n<\/li>\n<\/ul>\n\t<p>Along the route, you will discover how the Catholic Monarchs transformed Granada after its conquest, adapting it to their needs without erasing its earlier heritage. Places such as the Royal Chapel (exterior), Bib-Rambla Square, the Alcaicer\u00eda, and the Corral del Carb\u00f3n reveal a city where different eras and cultures coexist. All this on an accessible route that allows you to explore medieval Christian Granada comfortably, safely, and with an inclusive perspective.<\/p>\n<p>Check our calendar for availability, don't miss it!<\/p>\n<p>If you have any questions before hiring the private tour or if the day you want to visit is not available, you can contact us at any time through <a href=\"mailto:info@walkingranada.com\">info@walkingranada.com<\/a>.<\/p>\n<p>If you want a more specific visit, including tickets to a monument of your interest or in another language, you can make the request through our <a href=\"https:\/\/walkingranada.com\/en\/customized-tours\/\"><strong>Customized tours<\/strong><\/a>.<\/p>\n<h2>\n\t\t\tTambi\u00e9n puedes reservar nuestras otras visitas guiadas&#8230;\t<\/h2>\n<h2>\n\t\t\tTambi\u00e9n puedes reservar nuestros otros servicios&#8230;\t<\/h2>\n\t<a href=\"https:\/\/walkingranada.com\/en\/what-to-do-in-granada\/flamenco\/\" target=\"_self\"><\/a>\t\t\t<img decoding=\"async\" loading=\"lazy\" alt=\"bailaora flamenca\" src=\"https:\/\/walkingranada.com\/wp-content\/uploads\/2022\/10\/Rectangle-42.png\"\/>\n\t\t<h3>Flamenco<\/h3>\n\t<a href=\"https:\/\/walkingranada.com\/en\/what-to-do-in-granada\/hammam-al-andalus\/\" target=\"_self\"><\/a>\t\t\t<img decoding=\"async\" loading=\"lazy\" alt=\"ba\u00f1os \u00e1rabes\" src=\"https:\/\/walkingranada.com\/wp-content\/uploads\/2022\/10\/Rectangle-43.png\"\/>\n\t\t<h3>Hammam <br \/>Al-\u00e1ndalus<\/h3>\n\t<a href=\"https:\/\/walkingranada.com\/en\/what-to-do-in-granada\/day-trips\/\" target=\"_self\"><\/a>\t\t\t<img decoding=\"async\" loading=\"lazy\" alt=\"mezquita de c\u00f3rdoba\" src=\"https:\/\/walkingranada.com\/wp-content\/uploads\/2022\/10\/Rectangle-45.png\"\/>\n\t\t<h3>Day <br \/>trips<\/h3>\n\t<a href=\"https:\/\/walkingranada.com\/en\/what-to-do-in-granada\/olfactory-route\/\" target=\"_self\"><\/a>\t\t\t<img decoding=\"async\" loading=\"lazy\" alt=\"imagen de una chica joven\" src=\"https:\/\/walkingranada.com\/wp-content\/uploads\/2022\/10\/Rectangle-38.png\"\/>\n\t\t<h3>Olfactory route<\/h3>","protected":false},"excerpt":{"rendered":"<p>Turismo Accesible &gt; Centro hist\u00f3rico accesible Visita guiada privada adaptada centro hist\u00f3rico Plaza nueva Fuente principal de la plaza Dificultad baja Casco hist\u00f3rico Accesible Todos los d\u00edas Seg\u00fan disponibilidad 2,5 HORAS Desde 185\u20ac\/grupo CASTELLANO, INGL\u00c9S, FRANC\u00c9S Granada sin barreras: historia y belleza al alcance de todos Descubre el coraz\u00f3n hist\u00f3rico de Granada en una visita &#8230; <a title=\"Private adapted guided tour of the historic center\" class=\"read-more\" href=\"https:\/\/walkingranada.com\/en\/visitas-guiadas\/turismo-accesible\/visita-guiada-privada-adaptada-centro-historico\/\" aria-label=\"Read more about Visita guiada privada adaptada centro hist\u00f3rico\">Read more<\/a><\/p>","protected":false},"author":5,"featured_media":2505,"parent":424,"menu_order":0,"comment_status":"closed","ping_status":"closed","template":"","meta":{"footnotes":""},"class_list":["post-7388","page","type-page","status-publish","has-post-thumbnail"],"yoast_head":"<!-- This site is optimized with the Yoast SEO plugin v27.4 - https:\/\/yoast.com\/product\/yoast-seo-wordpress\/ -->\n<title>Turismo Accesible | Visita adaptada Centro y Albaic\u00edn - Walk in Granada<\/title>\n<meta name=\"description\" content=\"Visita adaptada para personas con movilidad reducida: el centro hist\u00f3rico. \u00a1Descubre la esencia de Granada!\" \/>\n<meta name=\"robots\" content=\"index, follow, max-snippet:-1, max-image-preview:large, max-video-preview:-1\" \/>\n<link rel=\"canonical\" href=\"https:\/\/walkingranada.com\/en\/guided-tours\/accessible-tourism\/visita-guiada-privada-adaptada-centro-historico\/\" \/>\n<meta property=\"og:locale\" content=\"en_GB\" \/>\n<meta property=\"og:type\" content=\"article\" \/>\n<meta property=\"og:title\" content=\"Turismo Accesible | Visita adaptada Centro y Albaic\u00edn - Walk in Granada\" \/>\n<meta property=\"og:description\" content=\"Visita adaptada para personas con movilidad reducida: el centro hist\u00f3rico. \u00a1Descubre la esencia de Granada!\" \/>\n<meta property=\"og:url\" content=\"https:\/\/walkingranada.com\/en\/guided-tours\/accessible-tourism\/visita-guiada-privada-adaptada-centro-historico\/\" \/>\n<meta property=\"og:site_name\" content=\"Walk in Granada\" \/>\n<meta property=\"article:publisher\" content=\"https:\/\/es-es.facebook.com\/walkingranadatour\/\" \/>\n<meta property=\"article:modified_time\" content=\"2026-04-28T10:34:58+00:00\" \/>\n<meta property=\"og:image\" content=\"https:\/\/walkingranada.com\/wp-content\/uploads\/2023\/01\/visita-accesible-granada-centro.webp\" \/>\n\t<meta property=\"og:image:width\" content=\"452\" \/>\n\t<meta property=\"og:image:height\" content=\"282\" \/>\n\t<meta property=\"og:image:type\" content=\"image\/webp\" \/>\n<meta name=\"twitter:card\" content=\"summary_large_image\" \/>\n<meta name=\"twitter:site\" content=\"@walkingranada\" \/>\n<meta name=\"twitter:label1\" content=\"Estimated reading time\" \/>\n\t<meta name=\"twitter:data1\" content=\"8 minutes\" \/>\n<script type=\"application\/ld+json\" class=\"yoast-schema-graph\">{\"@context\":\"https:\\\/\\\/schema.org\",\"@graph\":[{\"@type\":\"WebPage\",\"@id\":\"https:\\\/\\\/walkingranada.com\\\/visitas-guiadas\\\/turismo-accesible\\\/visita-guiada-privada-adaptada-centro-historico\\\/\",\"url\":\"https:\\\/\\\/walkingranada.com\\\/visitas-guiadas\\\/turismo-accesible\\\/visita-guiada-privada-adaptada-centro-historico\\\/\",\"name\":\"Turismo Accesible | Visita adaptada Centro y Albaic\u00edn - Walk in Granada\",\"isPartOf\":{\"@id\":\"https:\\\/\\\/walkingranada.com\\\/#website\"},\"primaryImageOfPage\":{\"@id\":\"https:\\\/\\\/walkingranada.com\\\/visitas-guiadas\\\/turismo-accesible\\\/visita-guiada-privada-adaptada-centro-historico\\\/#primaryimage\"},\"image\":{\"@id\":\"https:\\\/\\\/walkingranada.com\\\/visitas-guiadas\\\/turismo-accesible\\\/visita-guiada-privada-adaptada-centro-historico\\\/#primaryimage\"},\"thumbnailUrl\":\"https:\\\/\\\/walkingranada.com\\\/wp-content\\\/uploads\\\/2023\\\/01\\\/visita-accesible-granada-centro.webp\",\"datePublished\":\"2026-04-28T07:18:54+00:00\",\"dateModified\":\"2026-04-28T10:34:58+00:00\",\"description\":\"Visita adaptada para personas con movilidad reducida: el centro hist\u00f3rico. \u00a1Descubre la esencia de Granada!\",\"breadcrumb\":{\"@id\":\"https:\\\/\\\/walkingranada.com\\\/visitas-guiadas\\\/turismo-accesible\\\/visita-guiada-privada-adaptada-centro-historico\\\/#breadcrumb\"},\"inLanguage\":\"en-GB\",\"potentialAction\":[{\"@type\":\"ReadAction\",\"target\":[\"https:\\\/\\\/walkingranada.com\\\/visitas-guiadas\\\/turismo-accesible\\\/visita-guiada-privada-adaptada-centro-historico\\\/\"]}]},{\"@type\":\"ImageObject\",\"inLanguage\":\"en-GB\",\"@id\":\"https:\\\/\\\/walkingranada.com\\\/visitas-guiadas\\\/turismo-accesible\\\/visita-guiada-privada-adaptada-centro-historico\\\/#primaryimage\",\"url\":\"https:\\\/\\\/walkingranada.com\\\/wp-content\\\/uploads\\\/2023\\\/01\\\/visita-accesible-granada-centro.webp\",\"contentUrl\":\"https:\\\/\\\/walkingranada.com\\\/wp-content\\\/uploads\\\/2023\\\/01\\\/visita-accesible-granada-centro.webp\",\"width\":452,\"height\":282,\"caption\":\"visita-accesible-granada-centro\"},{\"@type\":\"BreadcrumbList\",\"@id\":\"https:\\\/\\\/walkingranada.com\\\/visitas-guiadas\\\/turismo-accesible\\\/visita-guiada-privada-adaptada-centro-historico\\\/#breadcrumb\",\"itemListElement\":[{\"@type\":\"ListItem\",\"position\":1,\"name\":\"Portada\",\"item\":\"https:\\\/\\\/walkingranada.com\\\/\"},{\"@type\":\"ListItem\",\"position\":2,\"name\":\"Visitas guiadas\",\"item\":\"https:\\\/\\\/walkingranada.com\\\/visitas-guiadas\\\/\"},{\"@type\":\"ListItem\",\"position\":3,\"name\":\"Turismo accesible\",\"item\":\"https:\\\/\\\/walkingranada.com\\\/visitas-guiadas\\\/turismo-accesible\\\/\"},{\"@type\":\"ListItem\",\"position\":4,\"name\":\"Visita guiada privada adaptada centro hist\u00f3rico\"}]},{\"@type\":\"WebSite\",\"@id\":\"https:\\\/\\\/walkingranada.com\\\/#website\",\"url\":\"https:\\\/\\\/walkingranada.com\\\/\",\"name\":\"Walk in Granada\",\"description\":\"Turismo responsable\",\"publisher\":{\"@id\":\"https:\\\/\\\/walkingranada.com\\\/#organization\"},\"alternateName\":\"Walk in Granada\",\"potentialAction\":[{\"@type\":\"SearchAction\",\"target\":{\"@type\":\"EntryPoint\",\"urlTemplate\":\"https:\\\/\\\/walkingranada.com\\\/?s={search_term_string}\"},\"query-input\":{\"@type\":\"PropertyValueSpecification\",\"valueRequired\":true,\"valueName\":\"search_term_string\"}}],\"inLanguage\":\"en-GB\"},{\"@type\":\"Organization\",\"@id\":\"https:\\\/\\\/walkingranada.com\\\/#organization\",\"name\":\"Walk In Granada\",\"alternateName\":\"Walk In Granada\",\"url\":\"https:\\\/\\\/walkingranada.com\\\/\",\"logo\":{\"@type\":\"ImageObject\",\"inLanguage\":\"en-GB\",\"@id\":\"https:\\\/\\\/walkingranada.com\\\/#\\\/schema\\\/logo\\\/image\\\/\",\"url\":\"https:\\\/\\\/walkingranada.com\\\/wp-content\\\/uploads\\\/2022\\\/12\\\/Logo-Walking.webp\",\"contentUrl\":\"https:\\\/\\\/walkingranada.com\\\/wp-content\\\/uploads\\\/2022\\\/12\\\/Logo-Walking.webp\",\"width\":512,\"height\":512,\"caption\":\"Walk In Granada\"},\"image\":{\"@id\":\"https:\\\/\\\/walkingranada.com\\\/#\\\/schema\\\/logo\\\/image\\\/\"},\"sameAs\":[\"https:\\\/\\\/es-es.facebook.com\\\/walkingranadatour\\\/\",\"https:\\\/\\\/x.com\\\/walkingranada\",\"https:\\\/\\\/www.instagram.com\\\/walkingranada\\\/\"]}]}<\/script>\n<!-- \/ Yoast SEO plugin. -->","yoast_head_json":{"title":"Accessible tourism | Adapted visit to the Center and Albaic\u00edn - Walk in Granada","description":"Visita adaptada para personas con movilidad reducida: el centro hist\u00f3rico. \u00a1Descubre la esencia de Granada!","robots":{"index":"index","follow":"follow","max-snippet":"max-snippet:-1","max-image-preview":"max-image-preview:large","max-video-preview":"max-video-preview:-1"},"canonical":"https:\/\/walkingranada.com\/en\/guided-tours\/accessible-tourism\/visita-guiada-privada-adaptada-centro-historico\/","og_locale":"en_GB","og_type":"article","og_title":"Turismo Accesible | Visita adaptada Centro y Albaic\u00edn - Walk in Granada","og_description":"Visita adaptada para personas con movilidad reducida: el centro hist\u00f3rico. \u00a1Descubre la esencia de Granada!","og_url":"https:\/\/walkingranada.com\/en\/guided-tours\/accessible-tourism\/visita-guiada-privada-adaptada-centro-historico\/","og_site_name":"Walk in Granada","article_publisher":"https:\/\/es-es.facebook.com\/walkingranadatour\/","article_modified_time":"2026-04-28T10:34:58+00:00","og_image":[{"width":452,"height":282,"url":"https:\/\/walkingranada.com\/wp-content\/uploads\/2023\/01\/visita-accesible-granada-centro.webp","type":"image\/webp"}],"twitter_card":"summary_large_image","twitter_site":"@walkingranada","twitter_misc":{"Estimated reading time":"8 minutes"},"schema":{"@context":"https:\/\/schema.org","@graph":[{"@type":"WebPage","@id":"https:\/\/walkingranada.com\/visitas-guiadas\/turismo-accesible\/visita-guiada-privada-adaptada-centro-historico\/","url":"https:\/\/walkingranada.com\/visitas-guiadas\/turismo-accesible\/visita-guiada-privada-adaptada-centro-historico\/","name":"Accessible tourism | Adapted visit to the Center and Albaic\u00edn - Walk in Granada","isPartOf":{"@id":"https:\/\/walkingranada.com\/#website"},"primaryImageOfPage":{"@id":"https:\/\/walkingranada.com\/visitas-guiadas\/turismo-accesible\/visita-guiada-privada-adaptada-centro-historico\/#primaryimage"},"image":{"@id":"https:\/\/walkingranada.com\/visitas-guiadas\/turismo-accesible\/visita-guiada-privada-adaptada-centro-historico\/#primaryimage"},"thumbnailUrl":"https:\/\/walkingranada.com\/wp-content\/uploads\/2023\/01\/visita-accesible-granada-centro.webp","datePublished":"2026-04-28T07:18:54+00:00","dateModified":"2026-04-28T10:34:58+00:00","description":"Visita adaptada para personas con movilidad reducida: el centro hist\u00f3rico. \u00a1Descubre la esencia de Granada!","breadcrumb":{"@id":"https:\/\/walkingranada.com\/visitas-guiadas\/turismo-accesible\/visita-guiada-privada-adaptada-centro-historico\/#breadcrumb"},"inLanguage":"en-GB","potentialAction":[{"@type":"ReadAction","target":["https:\/\/walkingranada.com\/visitas-guiadas\/turismo-accesible\/visita-guiada-privada-adaptada-centro-historico\/"]}]},{"@type":"ImageObject","inLanguage":"en-GB","@id":"https:\/\/walkingranada.com\/visitas-guiadas\/turismo-accesible\/visita-guiada-privada-adaptada-centro-historico\/#primaryimage","url":"https:\/\/walkingranada.com\/wp-content\/uploads\/2023\/01\/visita-accesible-granada-centro.webp","contentUrl":"https:\/\/walkingranada.com\/wp-content\/uploads\/2023\/01\/visita-accesible-granada-centro.webp","width":452,"height":282,"caption":"visita-accesible-granada-centro"},{"@type":"BreadcrumbList","@id":"https:\/\/walkingranada.com\/visitas-guiadas\/turismo-accesible\/visita-guiada-privada-adaptada-centro-historico\/#breadcrumb","itemListElement":[{"@type":"ListItem","position":1,"name":"Portada","item":"https:\/\/walkingranada.com\/"},{"@type":"ListItem","position":2,"name":"Visitas guiadas","item":"https:\/\/walkingranada.com\/visitas-guiadas\/"},{"@type":"ListItem","position":3,"name":"Turismo accesible","item":"https:\/\/walkingranada.com\/visitas-guiadas\/turismo-accesible\/"},{"@type":"ListItem","position":4,"name":"Visita guiada privada adaptada centro hist\u00f3rico"}]},{"@type":"WebSite","@id":"https:\/\/walkingranada.com\/#website","url":"https:\/\/walkingranada.com\/","name":"Walk in Granada","description":"Turismo responsable","publisher":{"@id":"https:\/\/walkingranada.com\/#organization"},"alternateName":"Walk in Granada","potentialAction":[{"@type":"SearchAction","target":{"@type":"EntryPoint","urlTemplate":"https:\/\/walkingranada.com\/?s={search_term_string}"},"query-input":{"@type":"PropertyValueSpecification","valueRequired":true,"valueName":"search_term_string"}}],"inLanguage":"en-GB"},{"@type":"Organization","@id":"https:\/\/walkingranada.com\/#organization","name":"Walk In Granada","alternateName":"Walk In Granada","url":"https:\/\/walkingranada.com\/","logo":{"@type":"ImageObject","inLanguage":"en-GB","@id":"https:\/\/walkingranada.com\/#\/schema\/logo\/image\/","url":"https:\/\/walkingranada.com\/wp-content\/uploads\/2022\/12\/Logo-Walking.webp","contentUrl":"https:\/\/walkingranada.com\/wp-content\/uploads\/2022\/12\/Logo-Walking.webp","width":512,"height":512,"caption":"Walk In Granada"},"image":{"@id":"https:\/\/walkingranada.com\/#\/schema\/logo\/image\/"},"sameAs":["https:\/\/es-es.facebook.com\/walkingranadatour\/","https:\/\/x.com\/walkingranada","https:\/\/www.instagram.com\/walkingranada\/"]}]}},"_links":{"self":[{"href":"https:\/\/walkingranada.com\/en\/wp-json\/wp\/v2\/pages\/7388","targetHints":{"allow":["GET"]}}],"collection":[{"href":"https:\/\/walkingranada.com\/en\/wp-json\/wp\/v2\/pages"}],"about":[{"href":"https:\/\/walkingranada.com\/en\/wp-json\/wp\/v2\/types\/page"}],"author":[{"embeddable":true,"href":"https:\/\/walkingranada.com\/en\/wp-json\/wp\/v2\/users\/5"}],"replies":[{"embeddable":true,"href":"https:\/\/walkingranada.com\/en\/wp-json\/wp\/v2\/comments?post=7388"}],"version-history":[{"count":5,"href":"https:\/\/walkingranada.com\/en\/wp-json\/wp\/v2\/pages\/7388\/revisions"}],"predecessor-version":[{"id":7403,"href":"https:\/\/walkingranada.com\/en\/wp-json\/wp\/v2\/pages\/7388\/revisions\/7403"}],"up":[{"embeddable":true,"href":"https:\/\/walkingranada.com\/en\/wp-json\/wp\/v2\/pages\/424"}],"wp:featuredmedia":[{"embeddable":true,"href":"https:\/\/walkingranada.com\/en\/wp-json\/wp\/v2\/media\/2505"}],"wp:attachment":[{"href":"https:\/\/walkingranada.com\/en\/wp-json\/wp\/v2\/media?parent=7388"}],"curies":[{"name":"wp","href":"https:\/\/api.w.org\/{rel}","templated":true}]}}