{"id":448,"date":"2022-10-27T09:02:11","date_gmt":"2022-10-27T09:02:11","guid":{"rendered":"https:\/\/factum-omibu.es\/walkin\/?page_id=448"},"modified":"2025-06-11T06:55:18","modified_gmt":"2025-06-11T06:55:18","slug":"nerja-frigiliana","status":"publish","type":"page","link":"https:\/\/walkingranada.com\/en\/que-hacer-en-granada\/excursiones\/nerja-frigiliana\/","title":{"rendered":"Nerja &#038; Frigiliana"},"content":{"rendered":"<p>Day Trips &gt; Nerja and Frigiliana<\/p>\r\n\t<!-- FareHarbor calendar of item #180688 -->\r\n<h1>\r\n\t\tguided visit to Nerja and Frigiliana\r\n\t<\/h1>\r\n\t<p>The <strong>Costa del Sol <\/strong>is so named precisely because it is the <strong>geographical area of Spain with the most hours of sunlight per year<\/strong>. Within this <strong>Malaga region<\/strong> we find villages with a singular beauty and an unparalleled historical, artistic and natural heritage.<\/p>\r\n<p class=\"translation-block\"><strong>This is a small group excursion. If you want to take this tour in a private format, you can make the request through our <\/strong><span class=\"red\"><a href=\"https:\/\/walkingranada.com\/en\/customized-tours\/\" target=\"_self\"> <strong class=\"red\">customized tours<\/strong><\/a><\/span> <strong>section.<\/strong><\/p>\r\n<h2>\r\n\t\tExcursion to Nerja and Firigliana from Granada\r\n\t<\/h2>\r\n\t\t\t\t<img decoding=\"async\" loading=\"lazy\" src=\"https:\/\/walkingranada.com\/wp-content\/uploads\/2022\/12\/Nerja_y_Figiliana.jpg.webp\" alt=\"Nerja_y_Figiliana\" itemprop=\"image\" height=\"398\" width=\"711\" title=\"Nerja_y_Figiliana\" onerror=\"this.style.display='none'\"  \/>\r\n\t<p>Our <strong>guided visit to Nerja and Frigiliana<\/strong> from Granada takes you to the sierra de la Axarqu\u00eda to discover the town of Frigiliana. A living vestige of the <strong>moorish architecture<\/strong>with narrow cobbled streets flanked by low houses with whitewashed walls. Where the smell of the flowers that decorate the walls and the saltpetre of the nearby Mediterranean accompany the visitor.<\/p>\r\n<p>The <strong>municipality of Frigiliana<\/strong> is a real treat for the senses and the visit to this town culminates with a panoramic view of the <strong>remains of the Arab fortress of Lizar<\/strong>, from the 9th century CE.<\/p>\r\n\t<p>Following a visit to one of the <strong>last strongholds of the Moors in the Iberian Peninsula<\/strong>the visitors continue on their way to <strong>Maro<\/strong>a municipality <strong>parish of Nerja<\/strong> and which has one of the most outstanding caves in Andalusia, both for its geomorphological and palaeontological value. The <strong>Nerja Cave<\/strong>.<\/p>\r\n<p>A huge complex with a surface area of more than 35,000 square metres, of which about 9,000 square metres can be explored in the so-called <strong>Tourist Galleries<\/strong>. The cave museum preserves <strong>upper Palaeolithic prehistoric remains<\/strong> and the <strong>recent prehistory<\/strong> with impressive <strong>cave paintings<\/strong> at least 42,000 years old. It is considered to be <strong>the cave with the most prehistoric artistic and symbolic manifestations in the world.<\/strong><\/p>\r\n<p>The cave also stands out geologically because of its enormous chambers filled with <strong>speleothems<\/strong>:<strong> gours, stalactites, stalagmites, stalagmites<\/strong> and <strong>columns<\/strong> which give the spaces a singular natural majesty.<\/p>\r\n<p>After leaving the <strong>cave-museum of Nerja<\/strong>the visitors will then continue their march to the <strong>coastal town of Nerja<\/strong>where you can enjoy the Andalusian gastronomy at its best and contemplate the views from the <strong>Balcony of Europe<\/strong>. Name attributed to <strong>Alfonso XII<\/strong> and which names a huge platform on the cliff that once was the <strong>Lower Castle of Nerja<\/strong> and the central point from which the municipality developed during the <strong>16th century<\/strong>.<\/p>\r\n<h2>\r\n\t\tMeeting point\r\n\t<\/h2>\r\n\t<p><strong>Mariana Pineda Square<\/strong><\/p>\r\n\t<p>Do you need directions to get there?<\/p>\r\n\t\t\t<a href=\"#reserva\" target=\"_self\">\r\n\t\t\t\t\t\t\tBook &gt;\r\n\t\t\t\t\t<\/a>\r\n\t\t\t<a href=\"https:\/\/goo.gl\/maps\/S8LCwLLRQArti4X98\" target=\"_self\">\r\n\t\t\t\t\t\t\tSee map &gt;\r\n\t\t\t\t\t<\/a>\r\n<h2>\r\n\t\tWhat you will visit\r\n\t<\/h2>\r\n\t<ul>\r\n<li>Municipality of Frigiliana<\/li>\r\n<li>Arab castle of L\u00edzar<\/li>\r\n<li>Cave-Museum of Nerja<\/li>\r\n<li>Balcony of Europe<\/li>\r\n<li>Municipality of Nerja<\/li>\r\n<\/ul>\r\n<h2>\r\n\t\tWhat is included in the visit\r\n\t<\/h2>\r\n\t<ul>\r\n<li aria-level=\"1\">Transport<\/li>\r\n<li aria-level=\"1\">Official Tourist Guide<\/li>\r\n<li aria-level=\"1\">Tickets to the Nerja Caves<\/li>\r\n<\/ul>\r\n<h2>\r\n\t\tWhat the visit does not include\r\n\t<\/h2>\r\n\t<ul>\r\n<li aria-level=\"1\">Food and drink<\/li>\r\n<\/ul>\r\n<h2>\r\n\t\tTambi\u00e9n puedes reservar nuestros otros servicios&#8230;\r\n\t<\/h2>\r\n\t<a href=\"https:\/\/walkingranada.com\/en\/what-to-do-in-granada\/flamenco\/\" target=\"_self\"><\/a>\t\t\t<img decoding=\"async\" loading=\"lazy\" alt=\"bailaora flamenca\" src=\"https:\/\/walkingranada.com\/wp-content\/uploads\/2022\/10\/Rectangle-42.png\"\/>\r\n\t\t<h3>Flamenco<\/h3>\r\n\t<a href=\"https:\/\/walkingranada.com\/en\/what-to-do-in-granada\/hammam-al-andalus\/\" target=\"_self\"><\/a>\t\t\t<img decoding=\"async\" loading=\"lazy\" alt=\"ba\u00f1os \u00e1rabes\" src=\"https:\/\/walkingranada.com\/wp-content\/uploads\/2022\/10\/Rectangle-43.png\"\/>\r\n\t\t<h3>Hammam <br \/>Al-\u00e1ndalus<\/h3>\r\n\t<a href=\"https:\/\/walkingranada.com\/en\/what-to-do-in-granada\/day-trips\/\" target=\"_self\"><\/a>\t\t\t<img decoding=\"async\" loading=\"lazy\" alt=\"mezquita de c\u00f3rdoba\" src=\"https:\/\/walkingranada.com\/wp-content\/uploads\/2022\/10\/Rectangle-45.png\"\/>\r\n\t\t<h3>Day <br \/>trips<\/h3>\r\n\t<a href=\"https:\/\/walkingranada.com\/en\/what-to-do-in-granada\/olfactory-route\/\" target=\"_self\"><\/a>\t\t\t<img decoding=\"async\" loading=\"lazy\" alt=\"imagen de una chica joven\" src=\"https:\/\/walkingranada.com\/wp-content\/uploads\/2022\/10\/Rectangle-38.png\"\/>\r\n\t\t<h3>Olfactory route<\/h3>","protected":false},"excerpt":{"rendered":"<p>Excursiones &gt; Nerja y Frigiliana Visita guiada a Nerja y Frigiliana La Costa del Sol recibe ese nombre precisamente por ser la zona geogr\u00e1fica de Espa\u00f1a con m\u00e1s horas de luz solar al a\u00f1o. Dentro de esta comarca de M\u00e1laga encontramos pueblos con una belleza singular y con un patrimonio hist\u00f3rico-art\u00edstico y natural sin parang\u00f3n. &#8230; <a title=\"Nerja &#038; Frigiliana\" class=\"read-more\" href=\"https:\/\/walkingranada.com\/en\/que-hacer-en-granada\/excursiones\/nerja-frigiliana\/\" aria-label=\"Read more about Nerja &#038; Frigiliana\">Read more<\/a><\/p>","protected":false},"author":2,"featured_media":0,"parent":446,"menu_order":0,"comment_status":"closed","ping_status":"closed","template":"","meta":{"footnotes":""},"class_list":["post-448","page","type-page","status-publish"],"yoast_head":"<!-- This site is optimized with the Yoast SEO plugin v27.5 - https:\/\/yoast.com\/product\/yoast-seo-wordpress\/ -->\n<title>Excursi\u00f3n a Nerja y Frigiliana desde Granada<\/title>\n<meta name=\"description\" content=\"Excursi\u00f3n a Nerja y Frijiliana desde Granada. Conocer\u00e1s dos enclaves \u00fanicos en la serran\u00eda y costa malague\u00f1a as\u00ed como las c\u00e9lebres cuevas.\" \/>\n<meta name=\"robots\" content=\"index, follow, max-snippet:-1, max-image-preview:large, max-video-preview:-1\" \/>\n<link rel=\"canonical\" href=\"https:\/\/walkingranada.com\/en\/what-to-do-in-granada\/day-trips\/nerja-frigiliana\/\" \/>\n<meta property=\"og:locale\" content=\"en_GB\" \/>\n<meta property=\"og:type\" content=\"article\" \/>\n<meta property=\"og:title\" content=\"Excursi\u00f3n a Nerja y Frigiliana desde Granada\" \/>\n<meta property=\"og:description\" content=\"Excursi\u00f3n a Nerja y Frijiliana desde Granada. Conocer\u00e1s dos enclaves \u00fanicos en la serran\u00eda y costa malague\u00f1a as\u00ed como las c\u00e9lebres cuevas.\" \/>\n<meta property=\"og:url\" content=\"https:\/\/walkingranada.com\/en\/what-to-do-in-granada\/day-trips\/nerja-frigiliana\/\" \/>\n<meta property=\"og:site_name\" content=\"Walk in Granada\" \/>\n<meta property=\"article:publisher\" content=\"https:\/\/es-es.facebook.com\/walkingranadatour\/\" \/>\n<meta property=\"article:modified_time\" content=\"2025-06-11T06:55:18+00:00\" \/>\n<meta property=\"og:image\" content=\"https:\/\/walkingranada.com\/wp-content\/uploads\/2022\/12\/Nerja_y_Figiliana.jpg.webp\" \/>\n<meta name=\"twitter:card\" content=\"summary_large_image\" \/>\n<meta name=\"twitter:site\" content=\"@walkingranada\" \/>\n<meta name=\"twitter:label1\" content=\"Estimated reading time\" \/>\n\t<meta name=\"twitter:data1\" content=\"4 minutes\" \/>\n<script type=\"application\/ld+json\" class=\"yoast-schema-graph\">{\"@context\":\"https:\\\/\\\/schema.org\",\"@graph\":[{\"@type\":\"WebPage\",\"@id\":\"https:\\\/\\\/walkingranada.com\\\/que-hacer-en-granada\\\/excursiones\\\/nerja-frigiliana\\\/\",\"url\":\"https:\\\/\\\/walkingranada.com\\\/que-hacer-en-granada\\\/excursiones\\\/nerja-frigiliana\\\/\",\"name\":\"Excursi\u00f3n a Nerja y Frigiliana desde Granada\",\"isPartOf\":{\"@id\":\"https:\\\/\\\/walkingranada.com\\\/#website\"},\"primaryImageOfPage\":{\"@id\":\"https:\\\/\\\/walkingranada.com\\\/que-hacer-en-granada\\\/excursiones\\\/nerja-frigiliana\\\/#primaryimage\"},\"image\":{\"@id\":\"https:\\\/\\\/walkingranada.com\\\/que-hacer-en-granada\\\/excursiones\\\/nerja-frigiliana\\\/#primaryimage\"},\"thumbnailUrl\":\"https:\\\/\\\/walkingranada.com\\\/wp-content\\\/uploads\\\/2022\\\/12\\\/Nerja_y_Figiliana.jpg.webp\",\"datePublished\":\"2022-10-27T09:02:11+00:00\",\"dateModified\":\"2025-06-11T06:55:18+00:00\",\"description\":\"Excursi\u00f3n a Nerja y Frijiliana desde Granada. Conocer\u00e1s dos enclaves \u00fanicos en la serran\u00eda y costa malague\u00f1a as\u00ed como las c\u00e9lebres cuevas.\",\"breadcrumb\":{\"@id\":\"https:\\\/\\\/walkingranada.com\\\/que-hacer-en-granada\\\/excursiones\\\/nerja-frigiliana\\\/#breadcrumb\"},\"inLanguage\":\"en-GB\",\"potentialAction\":[{\"@type\":\"ReadAction\",\"target\":[\"https:\\\/\\\/walkingranada.com\\\/que-hacer-en-granada\\\/excursiones\\\/nerja-frigiliana\\\/\"]}]},{\"@type\":\"ImageObject\",\"inLanguage\":\"en-GB\",\"@id\":\"https:\\\/\\\/walkingranada.com\\\/que-hacer-en-granada\\\/excursiones\\\/nerja-frigiliana\\\/#primaryimage\",\"url\":\"https:\\\/\\\/walkingranada.com\\\/wp-content\\\/uploads\\\/2022\\\/12\\\/Nerja_y_Figiliana.jpg.webp\",\"contentUrl\":\"https:\\\/\\\/walkingranada.com\\\/wp-content\\\/uploads\\\/2022\\\/12\\\/Nerja_y_Figiliana.jpg.webp\"},{\"@type\":\"BreadcrumbList\",\"@id\":\"https:\\\/\\\/walkingranada.com\\\/que-hacer-en-granada\\\/excursiones\\\/nerja-frigiliana\\\/#breadcrumb\",\"itemListElement\":[{\"@type\":\"ListItem\",\"position\":1,\"name\":\"Portada\",\"item\":\"https:\\\/\\\/walkingranada.com\\\/\"},{\"@type\":\"ListItem\",\"position\":2,\"name\":\"Qu\u00e9 hacer en granada\",\"item\":\"https:\\\/\\\/walkingranada.com\\\/que-hacer-en-granada\\\/\"},{\"@type\":\"ListItem\",\"position\":3,\"name\":\"Excursiones de un d\u00eda\",\"item\":\"https:\\\/\\\/walkingranada.com\\\/que-hacer-en-granada\\\/excursiones\\\/\"},{\"@type\":\"ListItem\",\"position\":4,\"name\":\"Nerja &#038; Frigiliana\"}]},{\"@type\":\"WebSite\",\"@id\":\"https:\\\/\\\/walkingranada.com\\\/#website\",\"url\":\"https:\\\/\\\/walkingranada.com\\\/\",\"name\":\"Walk in Granada\",\"description\":\"Turismo responsable\",\"publisher\":{\"@id\":\"https:\\\/\\\/walkingranada.com\\\/#organization\"},\"alternateName\":\"Walk in Granada\",\"potentialAction\":[{\"@type\":\"SearchAction\",\"target\":{\"@type\":\"EntryPoint\",\"urlTemplate\":\"https:\\\/\\\/walkingranada.com\\\/?s={search_term_string}\"},\"query-input\":{\"@type\":\"PropertyValueSpecification\",\"valueRequired\":true,\"valueName\":\"search_term_string\"}}],\"inLanguage\":\"en-GB\"},{\"@type\":\"Organization\",\"@id\":\"https:\\\/\\\/walkingranada.com\\\/#organization\",\"name\":\"Walk In Granada\",\"alternateName\":\"Walk In Granada\",\"url\":\"https:\\\/\\\/walkingranada.com\\\/\",\"logo\":{\"@type\":\"ImageObject\",\"inLanguage\":\"en-GB\",\"@id\":\"https:\\\/\\\/walkingranada.com\\\/#\\\/schema\\\/logo\\\/image\\\/\",\"url\":\"https:\\\/\\\/walkingranada.com\\\/wp-content\\\/uploads\\\/2022\\\/12\\\/Logo-Walking.webp\",\"contentUrl\":\"https:\\\/\\\/walkingranada.com\\\/wp-content\\\/uploads\\\/2022\\\/12\\\/Logo-Walking.webp\",\"width\":512,\"height\":512,\"caption\":\"Walk In Granada\"},\"image\":{\"@id\":\"https:\\\/\\\/walkingranada.com\\\/#\\\/schema\\\/logo\\\/image\\\/\"},\"sameAs\":[\"https:\\\/\\\/es-es.facebook.com\\\/walkingranadatour\\\/\",\"https:\\\/\\\/x.com\\\/walkingranada\",\"https:\\\/\\\/www.instagram.com\\\/walkingranada\\\/\"]}]}<\/script>\n<!-- \/ Yoast SEO plugin. -->","yoast_head_json":{"title":"Excursion to Nerja and Frigiliana from Granada","description":"Excursion to Nerja and Frigiliana from Granada. You will discover two unique locations in the Malaga mountains and coast, as well as the famous caves.","robots":{"index":"index","follow":"follow","max-snippet":"max-snippet:-1","max-image-preview":"max-image-preview:large","max-video-preview":"max-video-preview:-1"},"canonical":"https:\/\/walkingranada.com\/en\/what-to-do-in-granada\/day-trips\/nerja-frigiliana\/","og_locale":"en_GB","og_type":"article","og_title":"Excursi\u00f3n a Nerja y Frigiliana desde Granada","og_description":"Excursi\u00f3n a Nerja y Frijiliana desde Granada. Conocer\u00e1s dos enclaves \u00fanicos en la serran\u00eda y costa malague\u00f1a as\u00ed como las c\u00e9lebres cuevas.","og_url":"https:\/\/walkingranada.com\/en\/what-to-do-in-granada\/day-trips\/nerja-frigiliana\/","og_site_name":"Walk in Granada","article_publisher":"https:\/\/es-es.facebook.com\/walkingranadatour\/","article_modified_time":"2025-06-11T06:55:18+00:00","og_image":[{"url":"https:\/\/walkingranada.com\/wp-content\/uploads\/2022\/12\/Nerja_y_Figiliana.jpg.webp","type":"","width":"","height":""}],"twitter_card":"summary_large_image","twitter_site":"@walkingranada","twitter_misc":{"Estimated reading time":"4 minutes"},"schema":{"@context":"https:\/\/schema.org","@graph":[{"@type":"WebPage","@id":"https:\/\/walkingranada.com\/que-hacer-en-granada\/excursiones\/nerja-frigiliana\/","url":"https:\/\/walkingranada.com\/que-hacer-en-granada\/excursiones\/nerja-frigiliana\/","name":"Excursion to Nerja and Frigiliana from Granada","isPartOf":{"@id":"https:\/\/walkingranada.com\/#website"},"primaryImageOfPage":{"@id":"https:\/\/walkingranada.com\/que-hacer-en-granada\/excursiones\/nerja-frigiliana\/#primaryimage"},"image":{"@id":"https:\/\/walkingranada.com\/que-hacer-en-granada\/excursiones\/nerja-frigiliana\/#primaryimage"},"thumbnailUrl":"https:\/\/walkingranada.com\/wp-content\/uploads\/2022\/12\/Nerja_y_Figiliana.jpg.webp","datePublished":"2022-10-27T09:02:11+00:00","dateModified":"2025-06-11T06:55:18+00:00","description":"Excursion to Nerja and Frigiliana from Granada. You will discover two unique locations in the Malaga mountains and coast, as well as the famous caves.","breadcrumb":{"@id":"https:\/\/walkingranada.com\/que-hacer-en-granada\/excursiones\/nerja-frigiliana\/#breadcrumb"},"inLanguage":"en-GB","potentialAction":[{"@type":"ReadAction","target":["https:\/\/walkingranada.com\/que-hacer-en-granada\/excursiones\/nerja-frigiliana\/"]}]},{"@type":"ImageObject","inLanguage":"en-GB","@id":"https:\/\/walkingranada.com\/que-hacer-en-granada\/excursiones\/nerja-frigiliana\/#primaryimage","url":"https:\/\/walkingranada.com\/wp-content\/uploads\/2022\/12\/Nerja_y_Figiliana.jpg.webp","contentUrl":"https:\/\/walkingranada.com\/wp-content\/uploads\/2022\/12\/Nerja_y_Figiliana.jpg.webp"},{"@type":"BreadcrumbList","@id":"https:\/\/walkingranada.com\/que-hacer-en-granada\/excursiones\/nerja-frigiliana\/#breadcrumb","itemListElement":[{"@type":"ListItem","position":1,"name":"Portada","item":"https:\/\/walkingranada.com\/"},{"@type":"ListItem","position":2,"name":"Qu\u00e9 hacer en granada","item":"https:\/\/walkingranada.com\/que-hacer-en-granada\/"},{"@type":"ListItem","position":3,"name":"Excursiones de un d\u00eda","item":"https:\/\/walkingranada.com\/que-hacer-en-granada\/excursiones\/"},{"@type":"ListItem","position":4,"name":"Nerja &#038; Frigiliana"}]},{"@type":"WebSite","@id":"https:\/\/walkingranada.com\/#website","url":"https:\/\/walkingranada.com\/","name":"Walk in Granada","description":"Turismo responsable","publisher":{"@id":"https:\/\/walkingranada.com\/#organization"},"alternateName":"Walk in Granada","potentialAction":[{"@type":"SearchAction","target":{"@type":"EntryPoint","urlTemplate":"https:\/\/walkingranada.com\/?s={search_term_string}"},"query-input":{"@type":"PropertyValueSpecification","valueRequired":true,"valueName":"search_term_string"}}],"inLanguage":"en-GB"},{"@type":"Organization","@id":"https:\/\/walkingranada.com\/#organization","name":"Walk In Granada","alternateName":"Walk In Granada","url":"https:\/\/walkingranada.com\/","logo":{"@type":"ImageObject","inLanguage":"en-GB","@id":"https:\/\/walkingranada.com\/#\/schema\/logo\/image\/","url":"https:\/\/walkingranada.com\/wp-content\/uploads\/2022\/12\/Logo-Walking.webp","contentUrl":"https:\/\/walkingranada.com\/wp-content\/uploads\/2022\/12\/Logo-Walking.webp","width":512,"height":512,"caption":"Walk In Granada"},"image":{"@id":"https:\/\/walkingranada.com\/#\/schema\/logo\/image\/"},"sameAs":["https:\/\/es-es.facebook.com\/walkingranadatour\/","https:\/\/x.com\/walkingranada","https:\/\/www.instagram.com\/walkingranada\/"]}]}},"_links":{"self":[{"href":"https:\/\/walkingranada.com\/en\/wp-json\/wp\/v2\/pages\/448","targetHints":{"allow":["GET"]}}],"collection":[{"href":"https:\/\/walkingranada.com\/en\/wp-json\/wp\/v2\/pages"}],"about":[{"href":"https:\/\/walkingranada.com\/en\/wp-json\/wp\/v2\/types\/page"}],"author":[{"embeddable":true,"href":"https:\/\/walkingranada.com\/en\/wp-json\/wp\/v2\/users\/2"}],"replies":[{"embeddable":true,"href":"https:\/\/walkingranada.com\/en\/wp-json\/wp\/v2\/comments?post=448"}],"version-history":[{"count":9,"href":"https:\/\/walkingranada.com\/en\/wp-json\/wp\/v2\/pages\/448\/revisions"}],"predecessor-version":[{"id":6851,"href":"https:\/\/walkingranada.com\/en\/wp-json\/wp\/v2\/pages\/448\/revisions\/6851"}],"up":[{"embeddable":true,"href":"https:\/\/walkingranada.com\/en\/wp-json\/wp\/v2\/pages\/446"}],"wp:attachment":[{"href":"https:\/\/walkingranada.com\/en\/wp-json\/wp\/v2\/media?parent=448"}],"curies":[{"name":"wp","href":"https:\/\/api.w.org\/{rel}","templated":true}]}}